{"id":41,"date":"2024-06-13T21:32:38","date_gmt":"2024-06-14T01:32:38","guid":{"rendered":"https:\/\/rel.bib.umontreal.ca\/bibliotheques-a-l-international3\/chapter\/republique-democratique-du-congo\/"},"modified":"2024-06-13T21:32:38","modified_gmt":"2024-06-14T01:32:38","slug":"republique-democratique-du-congo","status":"publish","type":"chapter","link":"https:\/\/rel.bib.umontreal.ca\/bibliotheques-a-l-international3\/chapter\/republique-democratique-du-congo\/","title":{"raw":"R\u00e9publique D\u00e9mocratique du Congo","rendered":"R\u00e9publique D\u00e9mocratique du Congo"},"content":{"raw":"<div class=\"r&#xE9;publique-d&#xE9;mocratique-du-congo\"><p class=\"import-Normal\">(Louise-Marie Picard, Gana\u00eblle Roberge, Fatima Zelazel)<\/p><p class=\"import-Subtitle\" style=\"background-color:transparent;text-align:justify;text-justify:inter-ideograph; text-indent:35pt;\"><a id=\"_dnbtqbthz3ad\"\/><\/p><h2><a id=\"_jdyissyyhlye\"\/>Profil du pays<\/h2><p class=\"import-Normal\" style=\"text-align:justify;text-justify:inter-ideograph;\">La R\u00e9publique D\u00e9mocratique du Congo (RDC) est le deuxi\u00e8me plus grand pays d\u2019Afrique, apr\u00e8s l\u2019Alg\u00e9rie, et le plus grand pays d\u2019Afrique subsaharienne. D\u2019une superficie de 2 344 858 km<sup>2<\/sup>, la RDC partage ses fronti\u00e8res avec l\u2019Angola au sud-ouest, le Soudan au nord-est, l\u2019Ouganda au nord-est, le Rwanda et le Burundi \u00e0 l\u2019est, la Tanzanie au sud-est et la Zambie au sud-est. La RDC est une r\u00e9publique semi-pr\u00e9sidentielle divis\u00e9e en 26 provinces administratives. En 2022, la population totale \u2013 108,407 millions habitants \u2013 est principalement r\u00e9partie dans les grandes agglom\u00e9rations urbaines. La capitale, Kinshasa, est la ville la plus dense avec 15, 628 millions habitants. La capitale congolaise, anciennement nomm\u00e9e L\u00e9opoldville de 1881 \u00e0 1966 durant la colonisation belge, garde sa fonction administrative et strat\u00e9gique. Elle est la plus grande agglom\u00e9ration francophone du monde et la troisi\u00e8me du continent africain derri\u00e8re Le Caire (Wikip\u00e9dia, 2022). Les autres principales villes, sur le plan \u00e9conomique et d\u00e9mographique, sont Mbuji-Mayi (2,695 millions d\u2019habitants), Lubumbashi (1,593 million d\u2019habitants), Kisangani (1,366 million d\u2019habitants) et Bukavu (1,190 million d\u2019habitants). La RDC est un pays d\u2019une grande diversit\u00e9 ethnique, linguistique et confessionnelle. Parmi les 200 ethnies, dont la majorit\u00e9 est bantoue, les quatre plus grandes ethnies sont Mongo, Luba, Kongo et Mangbetu-Azande (hamitiques) qui repr\u00e9sentent \u00e0 elles seules 45% de la population. Les principales confessions sont le christianisme (catholiques et protestants) en majorit\u00e9, le kimbanguisme et l\u2019islam. Les cinq langues nationales sont le fran\u00e7ais \u2013 la langue officielle \u2013, le lingala (une langue commerciale lingua franca), le kingwana (un dialecte du kiswahili ou du swahili), le kikongo et le tshiluba. La RDC est fortement impact\u00e9e par les nombreux conflits et les crises \u00e9conomiques qui aggravent la sant\u00e9 infantile \u2013 plus de 30 % des enfants souffrent de la malnutrition, le taux de mortalit\u00e9 infantile de 6,8 % \u2013, les services publics d\u2019\u00e9ducation et le manque d\u2019acc\u00e8s \u00e0 l\u2019eau potable et aux autres infrastructures sanitaires, \u00e9nerg\u00e9tiques et de t\u00e9l\u00e9communication. En 2016, le taux d\u2019alphab\u00e9tisation de la population totale est de 77 %, dont 66,5 % chez les femmes (Central Intelligence Agency, s. d.). <\/p><p class=\"import-Normal\" style=\"text-align:justify;text-justify:inter-ideograph;\"\/><h2><a id=\"_oor0b9s6dspg\"\/>Histoire  <\/h2><p class=\"import-Normal\" style=\"text-align:justify;text-justify:inter-ideograph;\">En 1885, lors de la Conf\u00e9rence de Berlin, le roi L\u00e9opold II de Belgique parvient \u00e0 se faire octroyer personnellement un tr\u00e8s vaste territoire au centre de l\u2019Afrique qui est nomm\u00e9 l\u2019\u00c9tat ind\u00e9pendant du Congo en \u00e9change de la promesse d\u2019y maintenir la libre circulation et le libre-\u00e9change. En 1908, L\u00e9opold II est cependant contraint d\u2019abandonner sa souverainet\u00e9 sur la r\u00e9gion. La Belgique prend le relais et ce vaste territoire devient le Congo belge (Alcandre, 2016). \u00c0 l\u2019\u00e9poque coloniale, les biblioth\u00e8ques sont fond\u00e9es par les Europ\u00e9ens pour les \u00e9lites europ\u00e9ennes et 90% d\u2019entre elles se trouvent dans des quartiers habit\u00e9s par les colons (Bobutaka Bateko, 2015). Le contenu des collections est \u00e9galement issu de l\u2019\u00e9tranger (Manuana Nseka, 2007). \u00c0 partir de 1908, la nouvelle tutelle belge est plus douce, mais le m\u00e9contentement continue de cro\u00eetre au sein de la population. Durant la Deuxi\u00e8me Guerre mondiale, le Congo belge est pratiquement autonome, la Belgique \u00e9tant aux prises avec l\u2019envahisseur allemand (Larousse, s. d.). Ce n\u2019est cependant qu\u2019en 1960 que la Belgique consent \u00e0 accorder son ind\u00e9pendance \u00e0 ce qui devient alors la R\u00e9publique du Congo-Kinshasa (Larousse, s. d.). D\u00e8s l\u2019ind\u00e9pendance, de graves troubles s\u2019emparent du pays alors que des groupes s\u00e9cessionnistes et d\u2019autres pr\u00f4nant l\u2019unit\u00e9 nationale s\u2019affrontent (Larousse, s. d.). En 1961, le premier ministre Patrice Lumumba est ex\u00e9cut\u00e9 dans la province du Katanga (Perspective Monde, s. d.). Avec ces nombreux bouleversements, le gouvernement ne cherche pas \u00e0 d\u00e9velopper son r\u00e9seau de biblioth\u00e8ques qui conserve les lacunes h\u00e9rit\u00e9es de la p\u00e9riode coloniale (Manuana Nseka, 2007). En 1965, un coup d\u2019\u00c9tat orchestr\u00e9 par l\u2019arm\u00e9e porte le militaire Mobutu Sese Seko au pouvoir. Il r\u00e9unifie le pays qu\u2019il rebaptise le Za\u00efre et instaure un r\u00e9gime autoritaire (Perspective Monde, s. d.). Celui-ci adopte des politiques en ce qui a trait aux livres et aux biblioth\u00e8ques pour asseoir son pouvoir. Le gouvernement za\u00efrois exprime \u00e9ventuellement sa volont\u00e9 de r\u00e9organiser la Biblioth\u00e8que nationale et les biblioth\u00e8ques publiques provinciales, mais le financement tarde \u00e0 venir et elles demeurent dans la pr\u00e9carit\u00e9. Le manque de moyens affecte \u00e9galement les biblioth\u00e8ques universitaires qui ne parviennent pas \u00e0 renouveler leurs collections (Manuana Nseka, 2007). En 1997, l\u2019Alliance des forces d\u00e9mocratiques pour la lib\u00e9ration du Congo parvient \u00e0 d\u00e9loger le dictateur za\u00efrois. Laurent-D\u00e9sir\u00e9 Kabila, figure de proue du mouvement, prend alors le pouvoir et instaure \u00e0 son tour un r\u00e9gime totalitaire sur le pays qu\u2019il renomme R\u00e9publique d\u00e9mocratique du Congo. Par la suite, le nouveau pr\u00e9sident tourne le dos aux alli\u00e9s africains qui l\u2019ont aid\u00e9 \u00e0 prendre le pouvoir, ce qui d\u00e9clenche de nouveaux affrontements (Perspective Monde, s. d.). Entre 1998 et 2002, pr\u00e8s de 5,9 millions de personnes perdent la vie dans le cadre de ce conflit que les experts appellent la \u00ab Premi\u00e8re guerre mondiale d\u2019Afrique \u00bb (Efole, 2014). En 2002, un trait\u00e9 de paix est sign\u00e9 entre les parties et une nouvelle Constitution est adopt\u00e9e (Perspective Monde s. d.). La situation des biblioth\u00e8ques du pays est toujours probl\u00e9matique apr\u00e8s l\u2019armistice. Les biblioth\u00e8ques financ\u00e9es par des acteurs \u00e9trangers comme celles des missionnaires religieux, celles issues de missions de coop\u00e9ration internationale ou celles des \u00e9coles sup\u00e9rieures priv\u00e9es sont les seules \u00e0 b\u00e9n\u00e9ficier d\u2019une certaine aisance. Le manque de volont\u00e9 politique du gouvernement entra\u00eene une carence importante en mati\u00e8re de ressources financi\u00e8res, ce qui entrave le d\u00e9veloppement des autres biblioth\u00e8ques du pays (Manuana Nseka, 2007). <\/p><h2><a id=\"_ttbg8dab73dl\"\/>Types de biblioth\u00e8ques <\/h2><p class=\"import-Normal\" style=\"text-align:justify;text-justify:inter-ideograph;\">Peu d\u2019informations statistiques r\u00e9centes existent sur les biblioth\u00e8ques en RDC. En effet, sa derni\u00e8re participation au recensement des biblioth\u00e8ques de l\u2019IFLA remonte \u00e0 2007. Ce rapport recense 1 biblioth\u00e8que nationale, 30 biblioth\u00e8ques publiques \u2013 c\u2019est une grande diminution \u00e9tant donn\u00e9 que le rapport de 2005 fait mention de 475 biblioth\u00e8ques publiques \u2013, 35 biblioth\u00e8ques scolaires, 50 biblioth\u00e8ques universitaires et 10 biblioth\u00e8ques de recherche financ\u00e9es par le gouvernement (IFLA, 2007). Par ailleurs, le peu de participation des biblioth\u00e8ques universitaires (BU) congolaises sur la sc\u00e8ne internationale de l\u2019IFLA et le SCAULWA, par exemple, en comparaison aux BU s\u00e9n\u00e9galaises ou nig\u00e9riennes, ne permet ni le d\u00e9veloppement de partenariats ni la mutualisation des pratiques. L\u2019\u00e9tat des lieux des BU en RDC s\u2019appuie sur deux principaux colloques qui ont eu lieu \u00e0 Kinshasa en 2004 (18e colloque de l'Association internationale de Bibliologie) et en 2005 (3e conf\u00e9rence nationale des biblioth\u00e8ques et centres de documentation). Les r\u00e9f\u00e9rences statistiques sont parcellaires et peu r\u00e9centes (Bunduki Oziankom, 2022). <\/p><p class=\"import-Normal\" style=\"text-align:justify;text-justify:inter-ideograph;\"\/><h3><a id=\"_1aqdnjkktxfp\"\/><em>Biblioth\u00e8ques publiques <\/em> <\/h3><p class=\"import-Normal\" style=\"text-align:justify;text-justify:inter-ideograph;\">Le territoire de l\u2019actuelle RDC est l\u2019un des premiers pays africains \u00e0 obtenir, en 1895, une biblioth\u00e8que publique sous la colonisation belge d\u00e8s les d\u00e9buts de l\u2019\u00c9tat ind\u00e9pendant du Congo. Puis, les premi\u00e8res biblioth\u00e8ques publiques officielles sont cr\u00e9\u00e9es sous une ordonnance du gouvernement g\u00e9n\u00e9ral prononc\u00e9e en 1932. Ainsi, en 1959, \u00e0 la veille de l\u2019ind\u00e9pendance, le dernier rapport officiel de la colonie belge mentionne 432 biblioth\u00e8ques ; sur ce nombre, 44 sont r\u00e9serv\u00e9es aux europ\u00e9ens \u2013 dont 32 officielles \u2013 et 288 aux Congolais \u2013 dont 172 rel\u00e8vent de la colonie et 128 de congr\u00e9gations belges. Or, 7 ann\u00e9es apr\u00e8s l\u2019ind\u00e9pendance, seulement 24 biblioth\u00e8ques subsistent dans tout le pays en raison d\u2019une mauvaise gestion publique coloniale, mais surtout du fait de difficult\u00e9s au sein m\u00eame des biblioth\u00e8ques sur le plan administratif et de la gestion du personnel et du public (Cassiau-Haurie, 2004). Dans plusieurs pays africains, dont la RDC, l\u2019opinion publique et celle de dirigeants semblent ne pas percevoir l\u2019institution de la biblioth\u00e8que \u00e0 sa juste valeur, soit comme un des fondements de l\u2019instruction et du d\u00e9veloppement socio-\u00e9conomique. D\u2019ailleurs, les initiatives de lecture publique proviennent des missions diplomatiques, des ambassades et de la coop\u00e9ration internationale (Kitambala Dwan\u2019Essa, 2004). De plus, il n\u2019y a pas de r\u00e9seau de biblioth\u00e8ques publiques d\u00e9ploy\u00e9 sur l\u2019ensemble du territoire national. Les grandes biblioth\u00e8ques sont situ\u00e9es \u00e0 Kinshasa, principalement dans la commune de Gombe, et dans d\u2019autres chefs-lieux des provinces. Ces biblioth\u00e8ques, dans les centres urbains, semblent \u00eatre con\u00e7ues pour une minorit\u00e9 de la population \u2013 lettr\u00e9e \u2013 au d\u00e9triment des ouvriers et des paysans qui demeurent dans des r\u00e9gions plus \u00e9loign\u00e9es (Mashako Mamba, L., Mwenbie Bangata-Mbata, H., Tengeneza Baguma, D. D., 2016). <\/p><p class=\"import-Normal\" style=\"text-align:justify;text-justify:inter-ideograph;\"\/><h3><a id=\"_3n1mdbt3n6y4\"\/><em>Biblioth\u00e8ques scolaires <\/em> <\/h3><p class=\"import-Normal\" style=\"text-align:justify;text-justify:inter-ideograph;\">Le syst\u00e8me \u00e9ducatif de la RDC se trouve en posture difficile depuis les derniers conflits et guerres, mais \u00e9galement par sa forte croissance d\u00e9mographique. En effet, 65,5% de sa population est \u00e2g\u00e9e de moins de 24 ans. De plus, le gouvernement a instaur\u00e9, en 2010, une politique d\u2019abolition des frais scolaires pour les \u00e9l\u00e8ves du primaire et du secondaire. Or, la plupart des \u00e9coles publiques se trouvent dans de mauvaises conditions (Mwenzi, 2020). Selon le rapport PASEC national publi\u00e9 en 2010, seulement 8% des \u00e9l\u00e8ves de 2<sup>e<\/sup> et de 5<sup>e<\/sup> ann\u00e9e du primaire poss\u00e8dent une biblioth\u00e8que fonctionnelle et \u00e9quip\u00e9e. Ce rapport souligne \u00e9galement que l\u2019am\u00e9nagement d\u2019une biblioth\u00e8que dans une \u00e9cole n\u2019est pas suffisant pour am\u00e9liorer les scores de ces \u00e9l\u00e8ves : encore faut-il qu\u2019elle dispose d\u2019une gestion efficace (Minist\u00e8re de l\u2019Enseignement primaire, secondaire et professionnel, 2014). Dans la perspective d\u2019am\u00e9liorer le syst\u00e8me \u00e9ducatif, le Gouvernement de la RDC s\u2019arme, en 2015, d\u2019une strat\u00e9gie sectorielle de l\u2019\u00e9ducation et de la formation pour la p\u00e9riode de 2016-2025 qui implique diff\u00e9rents minist\u00e8res touchant \u00e0 l\u2019\u00e9ducation et \u00e0 la formation (Minist\u00e8re de l\u2019Enseignement primaire, secondaire et initiation \u00e0 la nouvelle citoyennet\u00e9, 2015). Ainsi, le gouvernement manifeste son intention d\u2019am\u00e9liorer l\u2019environnement \u00e9ducatif \u00e0 tous les niveaux \u2013 primaire, secondaire, sup\u00e9rieur et universitaire \u2013 en dotant les \u00e9tablissements d\u2019enseignement d\u2019infrastructures favorisant l\u2019\u00e9ducation inclusive et de biblioth\u00e8ques. De plus, il poursuit \u00e9galement les objectifs suivants : analyser les besoins en biblioth\u00e8ques, acqu\u00e9rir des fonds documentaires et du mat\u00e9riel n\u00e9cessaire \u00e0 celles-ci, offrir \u00e0 toutes les \u00e9coles \u2013 chaque ann\u00e9e de 2016 \u00e0 2020 \u2013 un lot de livres ou une dotation financi\u00e8re et, pour am\u00e9liorer la gestion des biblioth\u00e8ques, \u00e9laborer un guide et une formation. Ce programme gouvernemental promet en outre une biblioth\u00e8que \u00e0 toutes les \u00e9coles d\u2019ici 2025. Enfin, le gouvernement souhaite favoriser l\u2019utilisation des technologies de l\u2019information et de la communication (TIC) gr\u00e2ce notamment \u00e0 l\u2019instauration de biblioth\u00e8ques virtuelles (Minist\u00e8re de l\u2019Enseignement primaire secondaire et initiation \u00e0 la nouvelle citoyennet\u00e9, 2015).   <\/p><p class=\"import-Normal\" style=\"text-align:justify;text-justify:inter-ideograph;\"\/><h3><a id=\"_ywgn8iobctue\"\/><em>Biblioth\u00e8que nationale <\/em> <\/h3><p class=\"import-Normal\" style=\"text-align:justify;text-justify:inter-ideograph;\">La Biblioth\u00e8que centrale de Kinshasa est fond\u00e9e en 1949. Lorsque le pays obtient son ind\u00e9pendance de la Belgique, la situation de la biblioth\u00e8que se d\u00e9grade par manque de moyens financiers et avec l\u2019exode des cadres belges (Kalumba, 2005). En 1974, elle prend le nom de Biblioth\u00e8que nationale du Za\u00efre. Suite \u00e0 l\u2019adoption de l\u2019ordonnance n. 89-010 en 1989, un directeur g\u00e9n\u00e9ral est nomm\u00e9 \u00e0 sa t\u00eate, mais elle est toujours sous la tutelle du Minist\u00e8re de la Culture, des arts et patrimoines (Fournier, 1997). Elle porte maintenant le nom de Biblioth\u00e8que nationale du Congo. Cette derni\u00e8re s\u2019occupe de tout ce qui a trait au d\u00e9p\u00f4t l\u00e9gal et \u00e0 la promotion de la lecture. Elle se charge \u00e9galement de publier annuellement un ouvrage de bibliographie nationale ainsi qu\u2019un r\u00e9pertoire pour les th\u00e8ses et m\u00e9moires universitaires. Finalement, elle vise \u00e0 faire conna\u00eetre dans tout le pays les normes internationales pour la classification et l\u2019indexation des documents et elle encourage \u00ab toutes les initiatives tendant \u00e0 contribuer au d\u00e9veloppement de l\u2019industrie de la production et de la consommation du livre \u00bb (Minist\u00e8re de la Culture, des arts et patrimoines, s. d.). En pratique, le r\u00f4le de la Biblioth\u00e8que nationale du Congo est cependant moins net. En effet, le professeur Bob Bobutaka Bateko de l\u2019Institut sup\u00e9rieur de statistique de Kinshasa note dans un de ses ouvrages certains points qui d\u00e9montrent que cette institution a grandement besoin de r\u00e9former ses m\u00e9thodes. D\u2019une part, la Biblioth\u00e8que nationale du Congo ne contribue finalement pas de mani\u00e8re active \u00e0 la promotion de normes nationales pour le catalogage et la classification. De plus, celle-ci ne prot\u00e8ge pas le droit d\u2019auteur des \u0153uvres inscrites dans la bibliographie nationale qu\u2019elle produit. D\u2019autre part, elle \u00e9volue, pour ainsi dire, en vase clos : aucune \u00ab synergie \u00bb n\u2019anime ses rapports avec les milieux universitaires, et les diff\u00e9rents minist\u00e8res gouvernementaux ne coop\u00e8rent pas entre eux pour la valoriser (Bobutaka Bateko, 2015). En ce qui a trait aux donn\u00e9es concernant la taille de la collection, un reportage pour RFI Afrique datant de 2018 fait \u00e9tat de pr\u00e8s de 120 000 livres et 700 000 pi\u00e8ces photographiques (Ligodi, 2018). Entre 2008 et 2009, la Mission de l\u2019Organisation des Nations Unies (MONUC) pour la RDC finance la modernisation de la biblioth\u00e8que nationale du pays, notamment par l\u2019achat d\u2019un logiciel de gestion documentaire et d\u2019ordinateurs ainsi que la formation d\u2019une quinzaine de techniciens. Le directeur de l\u2019\u00e9poque, George Mulumba, a grandement remerci\u00e9 la MONUC en d\u00e9plorant le manque de financement dont sa biblioth\u00e8que souffre \u00e0 cause des politiques gouvernementales (MONUC, 2009). Entre 1960 et 2002, l\u2019\u00c9tat congolais a en effet financ\u00e9 la construction d\u2019une seule biblioth\u00e8que et celles qui peinent \u00e0 survivre ne re\u00e7oivent qu\u2019une tr\u00e8s faible partie des recettes du gouvernement (Cassiau-Haurie, 2003-2004). <\/p><p class=\"import-Normal\" style=\"text-align:justify;text-justify:inter-ideograph;\"\/><h3><a id=\"_c1qx83p22o9w\"\/><em>Biblioth\u00e8ques universitaires<\/em> <\/h3><p class=\"import-Normal\" style=\"text-align:justify;text-justify:inter-ideograph;\">Le d\u00e9veloppement des BU en RDC est \u00e9troitement li\u00e9 \u00e0 l\u2019histoire de l\u2019enseignement sup\u00e9rieur qui a connu deux grandes p\u00e9riodes significatives. Avant le tournant historique de 1971, les BU sont subventionn\u00e9es par le gouvernement colonial belge local qui apporte \u00e9galement un soutien dans l\u2019enseignement scientifique. L\u2019Universit\u00e9 Nationale du Za\u00efre (UNAZA) est cr\u00e9\u00e9e durant la phase de nationalisation et du programme d\u2019africanisation des personnels enseignants et cela rompt les liens avec les coop\u00e9rations belges et internationales. Cependant, la BU perd son important patrimoine documentaire sous la dictature de Mobutu en raison des probl\u00e8mes de pr\u00e9servation et des autres d\u00e9gradations (Kalala  Mukoma 2005). Sur les recommandations de l\u2019UNESCO, la BU obtient un nouveau cadre statutaire. La r\u00e9forme de 1981 est le d\u00e9but d\u2019une d\u00e9gradation progressive des infrastructures et des conditions de travail ainsi que l\u2019apparition d\u2019une corruption au sein des universit\u00e9s. Le syllabus est devenu une priorit\u00e9 et un march\u00e9 mon\u00e9taire au d\u00e9triment de la mission des BU qui est de s\u2019employer \u00e0 l\u2019apprentissage et \u00e0 la recherche scientifique. Le d\u00e9but des ann\u00e9es 2000 est marqu\u00e9 par le retour de la coop\u00e9ration avec la Belgique et les autres organismes francophones et internationaux sous forme d\u2019appuis structurels et logistiques, technologiques, d\u2019aides financi\u00e8res, de dotations mat\u00e9rielles, de livres et de formations du personnel (Kalala Mukoma 2005). En revanche, les BU doivent relever plusieurs d\u00e9fis comme la r\u00e9habilitation des b\u00e2timents d\u00e9labr\u00e9s, l\u2019acc\u00e8s \u00e0 l\u2019information et le num\u00e9rique. Une discordance est constat\u00e9e entre l\u2019\u00e9quipement technologique \u00e0 disposition des usagers dans leurs recherches, \u00e0 l\u2019aide du catalogage par exemple. L\u2019acc\u00e8s \u00e0 la documentation demande un accompagnement adapt\u00e9 au plus pr\u00e8s de leurs besoins, mais le manque d\u2019investissements des autorit\u00e9s et des institutions universitaires ne contribue pas aux bonnes conditions de fonctionnement des BU congolaises (Bunduki Oziankom, 2022). En outre, en octobre 2022, le minist\u00e8re de l\u2019Enseignement sup\u00e9rieur et universitaire lance la biblioth\u00e8que num\u00e9rique gratuite en ligne en partenariat avec l\u2019Agence Universitaire Francophone (Sadiki, 2022). Le r\u00e9seau des BU est r\u00e9parti entre le secteur public, qui correspond aux BU et aux instituts sup\u00e9rieurs, et le secteur priv\u00e9 qui regroupe des institutions confessionnelles, des biblioth\u00e8ques rattach\u00e9es aux ONG et des biblioth\u00e8ques priv\u00e9es g\u00e9r\u00e9es par des entit\u00e9s individuelles. Le centre de documentation de l\u2019enseignement sup\u00e9rieur et universitaire pour la recherche de Kinshasa (CEDESURK) est une biblioth\u00e8que interuniversitaire autonome. Les BU congolaises sont tr\u00e8s disparates. En 2011, l\u2019effectif global est estim\u00e9 \u00e0 604 000 \u00e9tudiants et 1965 professeurs dont 50 dans le priv\u00e9 (Minist\u00e8re des Affaires \u00e9trang\u00e8res de France, s.d.). Les 901 \u00e9tablissements sup\u00e9rieurs sous la responsabilit\u00e9 du minist\u00e8re de l\u2019Enseignement sup\u00e9rieur et universitaire ne sont pas tous \u00e9quip\u00e9s d\u2019une BU fonctionnelle et am\u00e9nag\u00e9e.  <\/p><p class=\"import-Normal\" style=\"text-align:justify;text-justify:inter-ideograph;\"\/><p class=\"import-Normal\" style=\"text-align:justify;text-justify:inter-ideograph;\"><em>Biblioth\u00e8que universitaire publique de l\u2019Universit\u00e9 de Kinshasa (UNIKIN)<\/em> <\/p><p class=\"import-Normal\" style=\"text-align:justify;text-justify:inter-ideograph;\">L\u2019UNAZA, devenue l\u2019UNIKIN, poss\u00e9dait la plus grande biblioth\u00e8que de l\u2019Afrique subsaharienne avec son important patrimoine documentaire (Kalaka 2005). Cette BU, sous la tutelle juridique du minist\u00e8re de l\u2019Enseignement sup\u00e9rieur et universitaire, se structure en une grande biblioth\u00e8que centrale qui contr\u00f4le les 18 biblioth\u00e8ques sp\u00e9cialis\u00e9es et autonomes r\u00e9parties entre les 10 facult\u00e9s et les 10 centres de recherche dans les domaines pluridisciplinaires. Elle poss\u00e8de une salle de lecture avec 500 places assises (Wikip\u00e9dia, 2016). Les principales sources financi\u00e8res proviennent de dons et des ressources propres g\u00e9n\u00e9r\u00e9es par le co\u00fbt des cartes d\u2019abonnement. L\u2019\u00e9quipe est compos\u00e9e de 28 biblioth\u00e9caires scientifiques form\u00e9s. Le fonctionnement de la BU s\u2019appuie essentiellement sur les coop\u00e9rations francophones : belge, fran\u00e7aise et canadienne qui proposent des projets d\u2019appui \u00e0 la documentation, \u00e0 la formation et \u00e0 la dotation mat\u00e9rielle (Kalaka, 2005). <\/p><p class=\"import-Normal\" style=\"text-align:justify;text-justify:inter-ideograph;\"\/><h3><a id=\"_u4oxpwv8pt71\"\/><em>Biblioth\u00e8ques de coop\u00e9rations diplomatiques<\/em> <\/h3><p class=\"import-Normal\" style=\"text-align:justify;text-justify:inter-ideograph;\">Les r\u00e9seaux des biblioth\u00e8ques de coop\u00e9rations diplomatiques ont une place importante dans le panorama de la biblioth\u00e9conomie congolaise et sur l\u2019ensemble du territoire dans la mesure o\u00f9 elles jouent aussi ce r\u00f4le de biblioth\u00e8ques publiques permettant l\u2019acc\u00e8s \u00e0 la lecture et \u00e0 la culture. Plac\u00e9 sous la tutelle du Minist\u00e8re de l\u2019Europe et des Affaires \u00e9trang\u00e8res et du Minist\u00e8re de la Culture, l\u2019institut fran\u00e7ais implant\u00e9 dans la capitale congolaise est aussi un r\u00e9seau d\u2019alliances fran\u00e7aises dans les autres provinces administratives. Au-del\u00e0 de leur mission de promotion de la culture fran\u00e7aise avec leurs centres de certification du fran\u00e7ais et de la cr\u00e9ation artistique, elles assurent des missions de lecture et d\u2019apprentissage en lien avec les m\u00e9diath\u00e8ques implant\u00e9es sur leurs sites. La m\u00e9diath\u00e8que Floribert Chebeya de l\u2019Institut fran\u00e7ais de Kinshasa, r\u00e9nov\u00e9 en 2011, compte une collection de 20 000 ouvrages ainsi que des ressources en ligne (Institut Fran\u00e7ais, s. d.). Avec l\u2019organisme non gouvernemental Biblioth\u00e8ques Sans Fronti\u00e8res, des \u00ab Ideas Cube \u00bb contenant du mat\u00e9riel num\u00e9rique ont \u00e9t\u00e9 install\u00e9s dans les universit\u00e9s de Kinshasa et r\u00e9partis dans les instituts fran\u00e7ais de Bukavu et Kinshasa. Le centre culturel Wallonie \u00e0 Kinshasa \u2013 une antenne d\u00e9centralis\u00e9e de la Wallonie Bruxelles Internationale \u2013 comprend une biblioth\u00e8que qui abrite aussi un fonds historique d\u2019archives sur la RDC et une collection vari\u00e9e d\u2019auteurs africains et belges (Institut Fran\u00e7ais, s. d.). <\/p><p class=\"import-Normal\" style=\"text-align:justify;text-justify:inter-ideograph;\"\/><h2><a id=\"_8cxewfcrwgd0\"\/>Cadre \u00e9ducatif en sciences de l\u2019information et des biblioth\u00e8ques<\/h2><p class=\"import-Normal\">La formation des professionnels des biblioth\u00e8ques en RDC, \u00e0 l\u2019instar des pays africains de langue fran\u00e7aise, conna\u00eet une lenteur dans son d\u00e9veloppement jusque dans les ann\u00e9es 1980. Pour pallier cet enjeu, l\u2019UNESCO et trois coop\u00e9rations \u2013 belge, fran\u00e7aise et allemande \u2013 offrent \u00e0 des \u00e9tudiants africains de langue francophone l\u2019opportunit\u00e9 de recevoir, \u00e0 l\u2019international, une formation en biblioth\u00e9conomie (Bobutaka Bateko, 2009). Puis, une entente entre l\u2019UNESCO et le gouvernement du S\u00e9n\u00e9gal entament des d\u00e9marches pour dispenser, en terre africaine francophone, les premiers cours en biblioth\u00e9conomie \u00e0 des \u00e9tudiants africains, dont des Congolais. Ainsi, le Centre R\u00e9gional de Formation de Biblioth\u00e9caires (CRFB) voit le jour en 1962, \u00e0 Dakar au S\u00e9n\u00e9gal. Dans les premi\u00e8res ann\u00e9es, l\u2019UNESCO octroie des bourses aux \u00e9tudiants pour payer le co\u00fbt de leurs \u00e9tudes, puis cet on\u00e9reux programme est abandonn\u00e9 (Dione, 2015). Par ailleurs, l\u2019Institut national d\u2019archivistique, de biblioth\u00e9conomie et de documentation (INABDO), situ\u00e9 lui aussi \u00e0 Dakar, est cr\u00e9\u00e9 en 1977 par l\u2019Association internationale pour le d\u00e9veloppement de la documentation, des biblioth\u00e8ques et des archives en Afrique (AIDBA). Cet institut est actif pendant 8 ann\u00e9es et il forme plusieurs sp\u00e9cialistes des biblioth\u00e8ques de la R\u00e9publique D\u00e9mocratique du Congo. Parall\u00e8lement, les premiers cours en biblioth\u00e9conomie offerts sur le territoire de l\u2019actuelle RDC sont donn\u00e9s en guise de cours compl\u00e9mentaires dans le cadre du programme de la licence en Philosophie et Lettres au d\u00e9but des ann\u00e9es 1970. L\u2019Institut Sup\u00e9rieur de Statistique de Kinshasa (ISS\/Kin) \u2013 autrefois appel\u00e9 Institut d\u2019\u00e9tudes de d\u00e9veloppement social (IEDES) \u2013 est le premier \u00e0 instaurer, en RDC, une formation classique en biblioth\u00e9conomie, documentation et archivistique (Dimweka Kinkela et Masens Mukis, 2005). En effet, cet institut cr\u00e9\u00e9 en 1965 offre, d\u00e8s 1977-1978, une formation en Sciences des technologies documentaires (Bobutaka Bateko, 2015). Puis, en 1989, c\u2019est la naissance du D\u00e9partement de biblioth\u00e9conomie de la facult\u00e9 d\u2019Administration des Affaires et Sciences \u00e9conomiques (FASE) de l\u2019Universit\u00e9 protestante au Congo \u2013 nomm\u00e9e autrefois \u00ab facult\u00e9 protestante du Za\u00efre \u00bb (Dimweka Kinkela, E. et Masens Mukis, 2005). En 2015, les 5 institutions assurant la formation des biblioth\u00e9caires en RDC sont : l\u2019Institut Sup\u00e9rieur de Statistiques de Kinshasa (orientation biblioth\u00e9conomie ou bibliologie; cycle universitaire de 5 ans), l\u2019universit\u00e9 de Kinshasa (orientation biblioth\u00e9conomie; post-licence et cycle universitaire de 5 ans), l\u2019Institut facultaire des Sciences de l\u2019Information et de la Communication (orientation bibliologie; 2<sup>e<\/sup> cycle [licence], 3<sup>e<\/sup> cycle), l\u2019Universit\u00e9 catholique de Kinshasa (orientation bibliologie; 2<sup>e<\/sup> cycle [licence], 3<sup>e<\/sup> cycle), l\u2019Universit\u00e9 protestante au Congo (orientation biblioth\u00e9conomie; 2<sup>e<\/sup> cycle [licence]) (Bobutaka Bateko, 2015).  <\/p><p class=\"import-Normal\"\/><p class=\"import-Normal\">En RDC, la biblioth\u00e9conomie s\u2019inscrit dans la grande cat\u00e9gorie des sciences et techniques documentaires et, plus sp\u00e9cifiquement, dans la sous-cat\u00e9gorie des techniques documentaires disciplinaires. Une autre discipline connexe fr\u00e9quemment employ\u00e9e dans ce pays est la bibliologie qui, selon les orientations, peut se d\u00e9finir de 3 fa\u00e7ons : une science de l\u2019information, une science de la communication ou une science de l\u2019information et de la communication (Bobutaka Bateko, 2015). <\/p><h2><a id=\"_3iktuxyd32ob\"\/>Associations<\/h2><p class=\"import-Normal\">Les biblioth\u00e8ques de la RDC font partie, d\u2019une part, de r\u00e9seaux professionnels et, d\u2019autre part, de r\u00e9seaux appuy\u00e9s par des organismes non gouvernementaux.  <\/p><p class=\"import-Normal\" style=\"text-align:justify;text-justify:inter-ideograph;\">Le principal r\u00e9seau professionnel des biblioth\u00e9caires congolais Mikanda de RDC est un portail Internet de ressources documentaires et de formations en ligne (Mikanda s. d.). Pour sa part, l\u2019Association Internationale de Bibliologie, fond\u00e9e en Belgique, a pour vocation de produire des publications scientifiques issues des colloques internationaux o\u00f9 participent les chercheurs et les professionnels des biblioth\u00e8ques de la RDC (AIB s. d.). Quant \u00e0 l\u2019Association des biblioth\u00e9caires, archivistes, documentalistes et mus\u00e9ologues (ABADOM), elle semble regrouper de nombreux professionnels de l\u2019information en RDC. Celle-ci ne poss\u00e8de pas de site Internet, mais certains articles font allusion \u00e0 son travail. Sur le site du COBIAC, un organisme de d\u00e9veloppement international fran\u00e7ais, il est expliqu\u00e9 que le r\u00f4le de l\u2019ABADOM est \u00ab d\u2019assurer la promotion de ces m\u00e9tiers en RDC, et de mettre en \u0153uvre une politique coh\u00e9rente et durable \u00bb (COBIAC, s. d.). En soutien, le COBIAC a envoy\u00e9 depuis 2007 plusieurs milliers de livres \u00e0 Kinshasa pour lutter contre l\u2019analphab\u00e9tisme. Dans un compte-rendu de l\u2019assembl\u00e9e g\u00e9n\u00e9rale de l\u2019association, l\u2019archiviste Delphin Bateko explique que l\u2019ABADOM a obtenu sa personnalit\u00e9 juridique en 1986. Ce proc\u00e8s-verbal fait aussi mention d\u2019un \u00ab projet de redynamisation [qui] vise la mise en place [de] biblioth\u00e8ques dans toutes les provinces o\u00f9 sont install\u00e9s les si\u00e8ges de l\u2019ABADOM \u00bb (Bateko, 2017). L\u2019ABADOM semble ainsi poss\u00e9der plusieurs succursales en RDC. En 2015, un r\u00e9seau professionnel, sous l\u2019appellation de Consortium des Biblioth\u00e8ques Acad\u00e9mique du Congo, de 12 biblioth\u00e8ques universitaires et d\u2019instituts sup\u00e9rieurs techniques et p\u00e9dagogiques issus du secteur priv\u00e9, est lanc\u00e9 dans les BU congolaises (Oury, 2015). Enfin, les biblioth\u00e8ques de la RDC font \u00e9galement partie de Biblionef, une organisation n\u00e9erlandaise reconnue par l\u2019UNESCO, et de Biblioth\u00e8ques Sans Fronti\u00e8res, une organisation sans but lucratif (Biblionef, s.d. ; BSF, s.d.). <\/p><p class=\"import-Normal\" style=\"text-align:justify;text-justify:inter-ideograph;\"\/><h2><a id=\"_kkw9ggpufihl\"\/>L\u00e9gislation<\/h2><p class=\"import-Normal\" style=\"text-align:justify;text-justify:inter-ideograph;\">Des lois encadrent le travail des biblioth\u00e8ques en RDC, mais tr\u00e8s peu d\u2019informations sont accessibles, depuis le Canada, pour en tirer un portrait global. En 1951, l\u2019ordonnance n\u00b0 93-127 officialise la reconnaissance de biblioth\u00e8ques dites \u00ab publiques non officielles \u00bb (Droit congolais, s. d.). En 1974, la loi 74-003 \u2013 qui encadre le d\u00e9p\u00f4t l\u00e9gal \u2013 est adopt\u00e9e et elle est encore aujourd\u2019hui le cadre de r\u00e9f\u00e9rence dans le domaine (Bobutaka Bateko, 2015). Elle stipule, entre autres, que :   <\/p><p class=\"import-Normal\" style=\"text-align:justify;text-justify:inter-ideograph;\"\/><p class=\"import-Normal\" style=\"text-align:justify;text-justify:inter-ideograph; margin-left: 35pt; text-indent:0pt;\">Tout \u00e9diteur est tenu de d\u00e9poser au Conseil l\u00e9gislatif national et \u00e0 la Biblioth\u00e8que nationale, dans le mois qui suit l\u2019enregistrement, huit exemplaires de chaque ouvrage ou publication qu\u2019il fait para\u00eetre : deux au Conseil l\u00e9gislatif national et six \u00e0 la Biblioth\u00e8que nationale. Les ouvrages de luxe tir\u00e9s \u00e0 moins de 300 exemplaires seront d\u00e9pos\u00e9s en trois exemplaires dont un au Conseil l\u00e9gislatif national et deux \u00e0 la Biblioth\u00e8que nationale. (Loi 74-003, article 3) <\/p><p class=\"import-Normal\" style=\"text-align:justify;text-justify:inter-ideograph; margin-left: 35pt; text-indent:0pt;\"\/><p class=\"import-Normal\" style=\"text-align:justify;text-justify:inter-ideograph;\">Par la suite, l\u2019arr\u00eat\u00e9 n\u00b0 04\/DONCA\/59 de 1980 vient compl\u00e9ter la loi sur le d\u00e9p\u00f4t l\u00e9gal qui devient payant. Un \u00e9diteur ou un auteur congolais qui publie \u00e0 l\u2019\u00e9tranger et qui d\u00e9sire d\u00e9poser des exemplaires \u00e0 la Biblioth\u00e8que nationale ainsi qu\u2019au Conseil l\u00e9gislatif, comme l\u2019exige la loi, doit d\u00e9bourser l\u2019\u00e9quivalent de 100$US. Cela fragilise la \u00ab capacit\u00e9 d\u2019enregistrement du patrimoine \u00e0 conserver [...] la m\u00e9moire \u00e9ditoriale du pays \u00bb (Bobutaka Bateko, 2015). En 1986, l\u2019actuelle RDC se dote de l'ordonnance n\u00b0 86-033 pour prot\u00e9ger les droits des auteurs en mati\u00e8re de propri\u00e9t\u00e9 intellectuelle (Ordonnance-Loi 86-033, 1986). En 1989, l\u2019ordonnance 89-010 donne \u00e0 la Biblioth\u00e8que nationale du Congo sa forme actuelle avec ses principales missions et la nomination d\u2019un directeur g\u00e9n\u00e9ral \u00e0 sa t\u00eate (Minist\u00e8re de la Culture, des arts et patrimoines, <em>s. d.<\/em>).  <\/p><h2><a id=\"_fevofa2rm0io\"\/>Information compl\u00e9mentaire\/particularit\u00e9s <\/h2><p class=\"import-Normal\" style=\"text-align:justify;text-justify:inter-ideograph;\">La RDC b\u00e9n\u00e9ficie, \u00e0 l\u2019instar de pays africains, de plusieurs initiatives de cr\u00e9ation de biblioth\u00e8ques ou de projets de biblioth\u00e8ques mobiles par des coop\u00e9rations, des associations et des organismes sans but lucratif (Bobutaka Bateko, 2009). L\u2019objectif de ces initiatives est de rejoindre les lecteurs potentiels l\u00e0 o\u00f9 ils se trouvent afin de faciliter leur acc\u00e8s aux livres (Bongangi Bo-Louka, Kabeya Putudianga, Nkopo Bobiki, 2005). Ainsi, la coop\u00e9ration fran\u00e7aise instaure une biblioth\u00e8que ambulante pour la ville de Kinshasa et un \u00ab train biblio \u00bb pour la province du Katanga (Bobotaka Bateko, 2009). De plus, plusieurs projets de biblioth\u00e8ques sont d\u00e9velopp\u00e9s \u00e0 travers des centres culturels du pays (Bongangi Bo-Louka, Kabeya Putudianga, Nkopo Bobiki, 2005). De 2014 \u00e0 2017, Biblioth\u00e8ques sans Fronti\u00e8res d\u00e9ploie plusieurs \u00ab Ideas Cube \u00bb dans des camps de r\u00e9fugi\u00e9s, dont ceux de Kavumu et de Musasa au Burundi, pour rejoindre, notamment, les r\u00e9fugi\u00e9s congolais fuyant la RDC. Ce programme comprend des outils et des ressources, tel qu\u2019un cours \u00e9ducatif, permettant aux r\u00e9fugi\u00e9s de poursuivre leur apprentissage dans leur pays d\u2019accueil (Libraries Without Borders, 2018). En 2018, la Caravane du livre et de la lecture organise des animations hors les murs dans cinq pays d\u2019Afrique, dont la RDC (AILF, s. d.). Enfin, en 2022, l\u2019Association des jeunes \u00e9crivains du Congo (AJEC) lance une biblioth\u00e8que carc\u00e9rale pour enfants \u00e0 la Prison centrale de Makala \u00e0 Kinshasa visant \u00e0 humaniser et am\u00e9liorer la vie des prisonniers (Tshijuka, 2022).  <\/p><p class=\"import-Normal\"\/><h2><a id=\"_ivavqyo7xaxo\"\/>Bibliographie<\/h2><p class=\"import-Normal\" style=\"margin-left: 28.3464566929134pt; text-indent:28.5pt;\">Alcandre, J.-J. (2016). La Conf\u00e9rence de Berlin 15 novembre 1884 - 26 f\u00e9vrier <\/p><p class=\"import-Normal\" style=\"margin-left: 0pt; text-indent:0pt;\">1885. <em>Allemagne d'aujourd'hui, <\/em>(217), 90-97.<a class=\"rId728\" href=\"https:\/\/doi.org\/10.3917\/all.217.0090\"> <\/a><a class=\"rId729\" href=\"https:\/\/doi.org\/10.3917\/all.217.0090\">https:\/\/doi.org\/10.3917\/all.217.0090<\/a>  <\/p><p class=\"import-Normal\" style=\"margin-left: 0pt; text-indent:0pt;\">Association Internationale de Bibliologie (AIB). (s. d.).<a class=\"rId730\" href=\"https:\/\/www.aib.ulb.be\/aib.html\"> <\/a><a class=\"rId731\" href=\"https:\/\/www.aib.ulb.be\/aib.html\">https:\/\/www.aib.ulb.be\/aib.html<\/a> <\/p><p class=\"import-Normal\" style=\"margin-left: 0pt; text-indent:0pt;\">Association Internationale des Libraires Francophones (AILF). (s. d.). <em>La caravane du livre et de la lecture reprend sa route!.<\/em> <a class=\"rId732\" href=\"https:\/\/www.librairesfrancophones.org\/nos-actions\/caravane-du-livre-et-de-la-lecture\/item\/739-la-caravane-du-livre-et-de-la-lecture-reprend-sa-route.html\">https:\/\/www.librairesfrancophones.org\/nos-actions\/caravane-du-livre-et-de-la-lecture\/item\/739-la-caravane-du-livre-et-de-la-lecture-reprend-sa-route.html<\/a> <\/p><p class=\"import-Normal\" style=\"margin-left: 0pt; text-indent:0pt;\">Bateko, D. (2017, 12 d\u00e9cembre). ABADOM s\u2019organise. <em>Documentation et archives<\/em>.<a class=\"rId733\" href=\"http:\/\/archivistebateko.canalblog.com\/archives\/2017\/12\/12\/35951083.html\"> <\/a><a class=\"rId734\" href=\"http:\/\/archivistebateko.canalblog.com\/archives\/2017\/12\/12\/35951083.html\">http:\/\/archivistebateko.canalblog.com\/archives\/2017\/12\/12\/35951083.html<\/a>  <\/p><p class=\"import-Normal\" style=\"margin-left: 0pt; text-indent:0pt;\">Biblionef. (s. d.). <em>Gouvernance<\/em>.<a class=\"rId735\" href=\"https:\/\/biblionef.fr\/biblionef\/gouvernance\/\"> <\/a><a class=\"rId736\" href=\"https:\/\/biblionef.fr\/biblionef\/gouvernance\/\">https:\/\/biblionef.fr\/biblionef\/gouvernance\/<\/a> <\/p><p class=\"import-Normal\" style=\"margin-left: 0pt; text-indent:0pt;\">Bobutaka Bateko, B. (2009). <em>\u00c9crit, information et communication en RDC : essai de Bibliologie<\/em>. Harmattan-RDC. <\/p><p class=\"import-Normal\" style=\"margin-left: 0pt; text-indent:0pt;\">Bobutaka Bateko, B. (2015). <em>Archivistique, biblioth\u00e9conomie, documentation et l\u00e9gistique : des disciplines de la bibliologie<\/em>. L\u2019Harmattan. <a class=\"rId737\" href=\"http:\/\/www.harmatheque.com\/ebook\/9782343057392\">http:\/\/www.harmatheque.com\/ebook\/9782343057392<\/a> <\/p><p class=\"import-Normal\" style=\"margin-left: 0pt; text-indent:0pt;\">Bongangi Bo-Louka, J. C., Kabeya Putudianga, F., Nkopo Bobiki, A. (2005, 24-28 mai). Lecture pour tous (1987-1990) : Exp\u00e9rience congolaise de lecture publique. Dans C. Cassiau-Haurie et J. Hellemans (resp.), <em>Les Biblioth\u00e8ques congolaises : \u00e9tat des lieux <\/em>[conf\u00e9rence]. 3<sup>e<\/sup> conf\u00e9rence nationale des Biblioth\u00e8ques et Centres de documentation de la RDC, Kinshasa, RDC.  <a class=\"rId738\" href=\"https:\/\/www.aib.ulb.be\/colloques\/2005-abadom\/fulltext\/02.pdf\">https:\/\/www.aib.ulb.be\/colloques\/2005-abadom\/fulltext\/02.pdf<\/a> <\/p><p class=\"import-Normal\" style=\"margin-left: 0pt; text-indent:0pt;\">Cassiau-Haurie, C. (2003-2004). L'\u00c9tat contre le livre, le cas du Congo d\u00e9mocratique. <em>Africultures<\/em>, (57), 45-56.<a class=\"rId739\" href=\"https:\/\/doi.org\/10.3917\/afcul.057.0045\"> <\/a><a class=\"rId740\" href=\"https:\/\/doi.org\/10.3917\/afcul.057.0045\">https:\/\/doi.org\/10.3917\/afcul.057.0045<\/a>  <\/p><p class=\"import-Normal\" style=\"margin-left: 0pt; text-indent:0pt;\">Cassiau-Haurie, C. (2004, 27 novembre au 3 d\u00e9cembre). Les Biblioth\u00e8ques publiques du Congo belge \u00e0 la veille de l\u2019ind\u00e9pendance : la grande illusion. Dans J. Hellemans (resp.), <em>Bibliothe\u0300ques, livre, e\u0301crit et technologies de l'information et de la communication en Re\u0301publique D\u00e9mocratique du Congo : de\u0301fis et perspectives <\/em>[conf\u00e9rence]. 18e colloque international de bibliologie (AIB), Kinshasa, RDC.<a class=\"rId741\" href=\"https:\/\/www.aib.ulb.be\/colloques\/2004-kinshasa\/fulltext\/09.pdf\"> <\/a><a class=\"rId742\" href=\"https:\/\/www.aib.ulb.be\/colloques\/2004-kinshasa\/fulltext\/09.pdf\">https:\/\/www.aib.ulb.be\/colloques\/2004-kinshasa\/fulltext\/09.pdf<\/a> <\/p><p class=\"import-Normal\" style=\"margin-left: 0pt; text-indent:0pt;\">Centre Wallonie-Bruxelles International. (s. d.). <em>Biblioth\u00e8que Wallonie Bruxelles.<\/em><a class=\"rId743\" href=\"http:\/\/www.wallonie-bruxelles-rdc.org\/fr\/pages\/bibliotheque-wallonie-bruxelles-cd\"> <\/a><a class=\"rId744\" href=\"http:\/\/www.wallonie-bruxelles-rdc.org\/fr\/pages\/bibliotheque-wallonie-bruxelles-cd\">http:\/\/www.wallonie-bruxelles-rdc.org\/fr\/pages\/bibliotheque-wallonie-bruxelles-cd<\/a> <\/p><p class=\"import-Normal\" style=\"margin-left: 0pt; text-indent:0pt;\">COBIAC. (s. d.). <em>Appui au r\u00e9seau de lecture publique de Kinshasa en RDC<\/em>.<a class=\"rId745\" href=\"https:\/\/cobiac.org\/projet\/appui-au-reseau-de-lecture-publique-de-kinshasa\/\"> <\/a><a class=\"rId746\" href=\"https:\/\/cobiac.org\/projet\/appui-au-reseau-de-lecture-publique-de-kinshasa\/\">https:\/\/cobiac.org\/projet\/appui-au-reseau-de-lecture-publique-de-kinshasa\/<\/a> <\/p><p class=\"import-Normal\" style=\"margin-left: 0pt; text-indent:0pt;\">Congo, Democratic Republic of the. (s. d.). Dans <em>Central Intelligence Agency.<\/em><a class=\"rId747\" href=\"https:\/\/www.cia.gov\/the-world-factbook\/countries\/congo-democratic-republic-of-the\/\"> <\/a><a class=\"rId748\" href=\"https:\/\/www.cia.gov\/the-world-factbook\/countries\/congo-democratic-republic-of-the\/\">https:\/\/www.cia.gov\/the-world-factbook\/countries\/congo-democratic-republic-of-the\/<\/a> <\/p><p class=\"import-Normal\">Democratic Republic of the Congo. (s. d.). Dans <em>Encyclopedia Britannica en ligne<\/em>.<a class=\"rId749\" href=\"https:\/\/www.britannica.com\/place\/Democratic-Republic-of-the-Congo\/Mobutus-regime\"> <\/a><a class=\"rId750\" href=\"https:\/\/www.britannica.com\/place\/Democratic-Republic-of-the-Congo\/Mobutus-regime\">https:\/\/www.britannica.com\/place\/Democratic-Republic-of-the-Congo\/Mobutus-regime<\/a> <\/p><p class=\"import-Normal\" style=\"margin-left: 0pt; text-indent:0pt;\">Dimweka Kinkela, E. et Masens Mukis, J. (2005, 24-28 mai). La Formation en biblioth\u00e9conomie en R\u00e9publique D\u00e9mocratique du Congo. Dans C. Cassiau-Haurie et J. Hellemans (resp.), <em>Les Biblioth\u00e8ques congolaises : \u00e9tat des lieux <\/em>[conf\u00e9rence]. 3<sup>e<\/sup> conf\u00e9rence nationale des Biblioth\u00e8ques et Centres de documentation de la RDC, Kinshasa, RDC.<a class=\"rId751\" href=\"https:\/\/www.aib.ulb.be\/colloques\/2005-abadom\/fulltext\/19.pdf\"> <\/a><a class=\"rId752\" href=\"https:\/\/www.aib.ulb.be\/colloques\/2005-abadom\/fulltext\/19.pdf\">https:\/\/www.aib.ulb.be\/colloques\/2005-abadom\/fulltext\/19.pdf<\/a> <\/p><p class=\"import-Normal\" style=\"margin-left: 0pt; text-indent:0pt;\">Dione, B. (2015, 30 mai au 3 juin). <em>La formation des biblioth\u00e9caires en Afrique francophone subsaharienne : Aujourd\u2019hui et demain <\/em>[conf\u00e9rence]. 1<sup>re<\/sup> conf\u00e9rence de AfLIA &amp; 3<sup>e<\/sup> sommet des biblioth\u00e8ques africaines, Accra, Ghana.<a class=\"rId753\" href=\"https:\/\/www.researchgate.net\/publication\/282945827_La_formation_des_bibliothecaires_en_Afrique_francophone_subsaharienne_Aujourd%27hui_et_demain\"> <\/a><a class=\"rId754\" href=\"https:\/\/www.researchgate.net\/publication\/282945827_La_formation_des_bibliothecaires_en_Afrique_francophone_subsaharienne_Aujourd%27hui_et_demain\">https:\/\/www.researchgate.net\/publication\/282945827_La_formation_des_bibliothecaires_en_Afrique_francophone_subsaharienne_Aujourd%27hui_et_demain<\/a>   <\/p><p class=\"import-Normal\" style=\"margin-left: 0pt; text-indent:0pt;\">Droit congolais. (s. d.). <em>Formation - Culture. <\/em><a class=\"rId755\" href=\"https:\/\/droitcongolais.info\/5.-formation-culture-.html\">https:\/\/droitcongolais.info\/5.-formation-culture-.html<\/a> <\/p><p class=\"import-Normal\" style=\"margin-left: 0pt; text-indent:0pt;\">Efole, J. (2014). <em>La paix en R\u00e9publique D\u00e9mocratique du Congo (RDC) ? Comprendre l\u2019avanc\u00e9e sinueuse de la RDC vers la paix <\/em>(publication n\u00b03938573) [m\u00e9moire de ma\u00eetrise, \u00c9cole Sup\u00e9rieure d\u2019Affaires publiques et internationales Universit\u00e9 d\u2019Ottawa]. Recherche uO.  <\/p><p class=\"import-Normal\" style=\"margin-left: 0pt; text-indent:0pt;\"><a class=\"rId756\" href=\"https:\/\/ruor.uottawa.ca\/bitstream\/10393\/31475\/1\/EFOLE%2C%20Jessica%2020145.pdf\">https:\/\/ruor.uottawa.ca\/bitstream\/10393\/31475\/1\/EFOLE%2C%20Jessica%2020145.pdf<\/a> <\/p><p class=\"import-Normal\" style=\"margin-left: 0pt; text-indent:0pt;\">F\u00e9d\u00e9ration des entreprises du Congo. (s. d.). Paiement des redevances sur les droits d\u2019auteur et droits voisins dues \u00e0 la SOCODA.<a class=\"rId757\" href=\"https:\/\/www.fec-rdc.com\/index.php\/actualites\/25-actualite2\/377-paiement-des-redevances-sur-les-droits-d-auteur-et-droits-voisins-dues-a-la-socoda-premiere-reunion-de-l-annee-2021-de-la-commission-mixte-paritaire-fec-socoda\"> <\/a><a class=\"rId758\" href=\"https:\/\/www.fec-rdc.com\/index.php\/actualites\/25-actualite2\/377-paiement-des-redevances-sur-les-droits-d-auteur-et-droits-voisins-dues-a-la-socoda-premiere-reunion-de-l-annee-2021-de-la-commission-mixte-paritaire-fec-socoda\">https:\/\/www.fec-rdc.com\/index.php\/actualites\/25-actualite2\/377-paiement-des-redevances-sur-les-droits-d-auteur-et-droits-voisins-dues-a-la-socoda-premiere-reunion-de-l-annee-2021-de-la-commission-mixte-paritaire-fec-socoda<\/a> <\/p><p class=\"import-Normal\" style=\"margin-left: 0pt; text-indent:0pt;\">Fournier, C. (1997). <em>Les biblioth\u00e8ques nationales de la Francophonie : r\u00e9pertoire des biblioth\u00e8ques nationales des \u00c9tats et gouvernements membres des Sommets francophones<\/em>.<a class=\"rId759\" href=\"https:\/\/numerique.banq.qc.ca\/patrimoine\/details\/52327\/39848?docpos=246\"> <\/a><a class=\"rId760\" href=\"https:\/\/numerique.banq.qc.ca\/patrimoine\/details\/52327\/39848?docpos=246\">https:\/\/numerique.banq.qc.ca\/patrimoine\/details\/52327\/39848?docpos=246<\/a> <\/p><p class=\"import-Normal\" style=\"margin-left: 0pt; text-indent:0pt;\">IFLA. (2007). <em>IFLA\/FAIFE World Report 2007: Congo (DRC).<\/em><a class=\"rId761\" href=\"https:\/\/cdn.ifla.org\/wp-content\/uploads\/2019\/05\/assets\/faife\/publications\/ifla-world-report\/38_ifla-faife_2007_cr_-_congo_drc.pdf\"> <\/a><a class=\"rId762\" href=\"https:\/\/cdn.ifla.org\/wp-content\/uploads\/2019\/05\/assets\/faife\/publications\/ifla-world-report\/38_ifla-faife_2007_cr_-_congo_drc.pdf\">https:\/\/cdn.ifla.org\/wp-content\/uploads\/2019\/05\/assets\/faife\/publications\/ifla-world-report\/38_ifla-faife_2007_cr_-_congo_drc.pdf<\/a> <\/p><p class=\"import-Normal\">Institut fran\u00e7ais RD Congo-Kinshasa (s. d.).<em> M\u00e9diath\u00e8que<\/em><a class=\"rId763\" href=\"https:\/\/www.institutfrancais-kinshasa.org\/index.php?\/fre\/Mediatheque\/Presentation\"> <\/a><a class=\"rId764\" href=\"https:\/\/www.institutfrancais-kinshasa.org\/index.php?\/fre\/Mediatheque\/Presentation\">https:\/\/www.institutfrancais-kinshasa.org\/index.php?\/fre\/Mediatheque\/Presentation<\/a> <\/p><p class=\"import-Normal\" style=\"margin-left: 0pt; text-indent:0pt;\">Kalumba, J. (2005). La biblioth\u00e8que nationale du Congo au Katanga et la biblioth\u00e8que du Mus\u00e9e national de Lubumbashi. Dans Hellemans, J. et Cassiau-Haurie, C. <em>Les biblioth\u00e8ques congolaises : \u00e9tat des lieux<\/em> (p. 107-117). L\u2019Harmattan.  <\/p><p class=\"import-Normal\" style=\"margin-left: 0pt; text-indent:0pt;\">Kinshasa. (2022, 13 d\u00e9cembre). Dans <em>Wikip\u00e9dia.<\/em><a class=\"rId765\" href=\"https:\/\/fr.wikipedia.org\/wiki\/Kinshasa\"> <\/a><a class=\"rId766\" href=\"https:\/\/fr.wikipedia.org\/wiki\/Kinshasa\">https:\/\/fr.wikipedia.org\/wiki\/Kinshasa<\/a> <\/p><p class=\"import-Normal\" style=\"margin-left: 0pt; text-indent:0pt;\">Kitambala Dwan\u2019Essa, H. (2004, 27 novembre au 3 d\u00e9cembre). Les Biblioth\u00e8ques universitaires de la R\u00e9publique D\u00e9mocratique du Congo et le d\u00e9fi des nouvelles technologies de l\u2019information. Dans J. Hellemans (resp.), <em>Bibliothe\u0300ques, livre, e\u0301crit et technologies de l'information et de la communication en Re\u0301publique D\u00e9mocratique du Congo : de\u0301fis et perspectives <\/em>[conf\u00e9rence]. 18e colloque international de bibliologie (AIB), Kinshasa, RDC.<a class=\"rId767\" href=\"https:\/\/www.aib.ulb.be\/colloques\/2004-kinshasa\/fulltext\/25.pdf\"> <\/a><a class=\"rId768\" href=\"https:\/\/www.aib.ulb.be\/colloques\/2004-kinshasa\/fulltext\/25.pdf\">https:\/\/www.aib.ulb.be\/colloques\/2004-kinshasa\/fulltext\/25.pdf<\/a> <\/p><p class=\"import-Normal\" style=\"margin-left: 0pt; text-indent:0pt;\">Libraries Without Borders. (2018, 22 janvier). <em>Bringing college-level class to congolese refugees through coursera<\/em>.<a class=\"rId769\" href=\"https:\/\/www.librarieswithoutborders.org\/2018\/01\/22\/coursera\/\"> <\/a><a class=\"rId770\" href=\"https:\/\/www.librarieswithoutborders.org\/2018\/01\/22\/coursera\/\">https:\/\/www.librarieswithoutborders.org\/2018\/01\/22\/coursera\/<\/a> <\/p><p class=\"import-Normal\" style=\"margin-left: 0pt; text-indent:0pt;\">Ligodi, P. (2018, 27 novembre). RDC : la Biblioth\u00e8que nationale du Congo veut num\u00e9riser son contenu. <em>RFI Afrique<\/em>.<a class=\"rId771\" href=\"https:\/\/www.rfi.fr\/fr\/emission\/20181128-rdc-bibliotheque-nationale-congo-numerisation-rdc-bnc-livre\"> <\/a><a class=\"rId772\" href=\"https:\/\/www.rfi.fr\/fr\/emission\/20181128-rdc-bibliotheque-nationale-congo-numerisation-rdc-bnc-livre\">https:\/\/www.rfi.fr\/fr\/emission\/20181128-rdc-bibliotheque-nationale-congo-numerisation-rdc-bnc-livre<\/a>  <\/p><p class=\"import-Normal\" style=\"margin-left: 0pt; text-indent:0pt;\">Loi 74-003 relative au d\u00e9p\u00f4t obligatoire des publications. (1974, 2 janvier). <em>Leganet<\/em>.<a class=\"rId773\" href=\"https:\/\/www.leganet.cd\/Legislation\/Droit%20civil\/Dintellectuels\/Loi.74.003.02.01.1974.htm\"> <\/a><a class=\"rId774\" href=\"https:\/\/www.leganet.cd\/Legislation\/Droit%20civil\/Dintellectuels\/Loi.74.003.02.01.1974.htm\">https:\/\/www.leganet.cd\/Legislation\/Droit%20civil\/Dintellectuels\/Loi.74.003.02.01.1974.htm<\/a> <\/p><p class=\"import-Normal\" style=\"margin-left: 0pt; text-indent:0pt;\">Manuana Nseka, J.-P. (2007, 17-21 d\u00e9cembre). Pour un \u00e9tat des lieux : d\u00e9fis et enjeux des biblioth\u00e8ques en R\u00e9publique d\u00e9mocratique du Congo. Dans <em>La Gestion scientifique de l'information \u00e9crite par les Biblioth\u00e8ques francophones africaines <\/em>[colloque]. 20e colloque international de bibliologie, science de la communication \u00e9crite, Brazzaville, RDC.<a class=\"rId775\" href=\"https:\/\/www.aib.ulb.be\/colloques\/2007-brazzaville\/fulltext\/2007_20_manuana.pdf\"> <\/a><a class=\"rId776\" href=\"https:\/\/www.aib.ulb.be\/colloques\/2007-brazzaville\/fulltext\/2007_20_manuana.pdf\">https:\/\/www.aib.ulb.be\/colloques\/2007-brazzaville\/fulltext\/2007_20_manuana.pdf<\/a> <\/p><p class=\"import-Normal\" style=\"margin-left: 0pt; text-indent:0pt;\">Mashako Mamba, L., Mwenbie Bangata-Mbata, H., Tengeneza Baguma, D. D., (2016, 5 octobre). Le deuxi\u00e8me num\u00e9ro des \u00ab Pistes du Savoir\u00bb de l\u2019Association des Biblioth\u00e9caires, Archivistes, Documentalistes et Mus\u00e9ologues de la RDC \u00ab ABADOM \u00bb est l\u00e0. <em>Pistes du savoir<\/em>.<a class=\"rId777\" href=\"https:\/\/facmed-unikin.net\/news\/deuxieme-numero-pistes-savoir-de-lassociation-bibliothecaires-archivistes-documentalistes-museologues-de-rdc-abadom\/\"> <\/a><a class=\"rId778\" href=\"https:\/\/facmed-unikin.net\/news\/deuxieme-numero-pistes-savoir-de-lassociation-bibliothecaires-archivistes-documentalistes-museologues-de-rdc-abadom\/\">https:\/\/facmed-unikin.net\/news\/deuxieme-numero-pistes-savoir-de-lassociation-bibliothecaires-archivistes-documentalistes-museologues-de-rdc-abadom\/<\/a> <\/p><p class=\"import-Normal\" style=\"margin-left: 0pt; text-indent:0pt;\">Mikanda. (s. d.). \u00c0<em> propos<\/em>.<a class=\"rId779\" href=\"https:\/\/mikanda.info\/a-propos\/\"> <\/a><a class=\"rId780\" href=\"https:\/\/mikanda.info\/a-propos\/\">https:\/\/mikanda.info\/a-propos\/<\/a> <\/p><p class=\"import-Normal\" style=\"margin-left: 0pt; text-indent:0pt;\">Minist\u00e8re de l\u2019Enseignement primaire, secondaire et initiation \u00e0 la nouvelle citoyennet\u00e9, Minist\u00e8re de l\u2019Enseignement technique et professionnel, Minist\u00e8re de l\u2019Enseignement sup\u00e9rieur et universitaire, minist\u00e8re des Affaires sociales, action humanitaire et solidarit\u00e9 nationale. (2015, d\u00e9cembre). <em>Strat\u00e9gie sectorielle de l\u2019\u00e9ducation et de la formation 2016-2025<\/em>.<a class=\"rId781\" href=\"https:\/\/assets.globalpartnership.org\/s3fs-public\/2016-03-rep-dem-congo-strategie-sectorielle-education-formation.pdf?VersionId=N.eDShH0Yi8u987tAqWK5MsLflIYpslv\"> <\/a><a class=\"rId782\" href=\"https:\/\/assets.globalpartnership.org\/s3fs-public\/2016-03-rep-dem-congo-strategie-sectorielle-education-formation.pdf?VersionId=N.eDShH0Yi8u987tAqWK5MsLflIYpslv\">https:\/\/assets.globalpartnership.org\/s3fs-public\/2016-03-rep-dem-congo-strategie-sectorielle-education-formation.pdf?VersionId=N.eDShH0Yi8u987tAqWK5MsLflIYpslv<\/a> <\/p><p class=\"import-Normal\" style=\"margin-left: 0pt; text-indent:0pt;\">Minist\u00e8re de l\u2019Enseignement primaire, secondaire et professionnel, UNESCO \u2013 IIPE, UNICEF. (2014). <em>Rapport d\u2019\u00c9tat du syst\u00e8me \u00e9ducatif national : pour une \u00e9ducation au service de la croissance et de la paix<\/em>.<a class=\"rId783\" href=\"https:\/\/www.unicef.org\/drcongo\/media\/1121\/file\/COD-rapport-RESEN.pdf\"> <\/a><a class=\"rId784\" href=\"https:\/\/www.unicef.org\/drcongo\/media\/1121\/file\/COD-rapport-RESEN.pdf\">https:\/\/www.unicef.org\/drcongo\/media\/1121\/file\/COD-rapport-RESEN.pdf<\/a> <\/p><p class=\"import-Normal\" style=\"margin-left: 0pt; text-indent:0pt;\">Minist\u00e8re de la Culture, des arts et patrimoines. (s. d.).<em> La biblioth\u00e8que nationale du Congo.<\/em><a class=\"rId785\" href=\"https:\/\/culture.gouv.cd\/index.php\/departments\/la-bibliotheque-nationale-du-congo-2\/\"> <\/a><a class=\"rId786\" href=\"https:\/\/culture.gouv.cd\/index.php\/departments\/la-bibliotheque-nationale-du-congo-2\/\">https:\/\/culture.gouv.cd\/index.php\/departments\/la-bibliotheque-nationale-du-congo-2\/<\/a>  <\/p><p class=\"import-Normal\" style=\"margin-left: 0pt; text-indent:0pt;\">Mission de l'Organisation des Nations Unies en R\u00e9publique d\u00e9mocratique du Congo. (2009, 23 avril). <em>Biblioth\u00e8que nationale : la MONUC contribue \u00e0 pr\u00e9server \u00ab la m\u00e9moire de la nation \u00bb.<\/em><a class=\"rId787\" href=\"https:\/\/monuc.unmissions.org\/biblioth%C3%A8que-nationale-la-monuc-contribue-%C3%A0-pr%C3%A9server-%C2%ABla-m%C3%A9moire-de-la-nation%C2%BB\"> <\/a><a class=\"rId788\" href=\"https:\/\/monuc.unmissions.org\/biblioth%C3%A8que-nationale-la-monuc-contribue-%C3%A0-pr%C3%A9server-%C2%ABla-m%C3%A9moire-de-la-nation%C2%BB\">https:\/\/monuc.unmissions.org\/biblioth%C3%A8que-nationale-la-monuc-contribue-%C3%A0-pr%C3%A9server-%C2%ABla-m%C3%A9moire-de-la-nation%C2%BB<\/a> <\/p><p class=\"import-Normal\" style=\"margin-left: 0pt; text-indent:0pt;\">Mwenzi, J. E. (2020). Le syst\u00e8me \u00e9ducatif de la R\u00e9publique d\u00e9mocratique du Congo et ses principaux d\u00e9fis. <em>Revue internationale d'\u00e9ducation de S\u00e8vres<\/em>, (85), 23-29.<a class=\"rId789\" href=\"https:\/\/doi.org\/10.4000\/ries.9985\"> <\/a><a class=\"rId790\" href=\"https:\/\/doi.org\/10.4000\/ries.9985\">https:\/\/doi.org\/10.4000\/ries.9985<\/a> <\/p><p class=\"import-Normal\" style=\"margin-left: 0pt; text-indent:0pt;\">Ordonnance 89-010 portant sur la cr\u00e9ation de la Biblioth\u00e8que nationale du Za\u00efre, en abr\u00e9g\u00e9 \u00ab B.N.Z.\u00bb. (1989, 18 janvier). <em>Leganet<\/em>.<a class=\"rId791\" href=\"http:\/\/www.leganet.cd\/Legislation\/Droit%20administratif\/Culture\/O.89.10.18.01.89.htm\"> <\/a><a class=\"rId792\" href=\"http:\/\/www.leganet.cd\/Legislation\/Droit%20administratif\/Culture\/O.89.10.18.01.89.htm\">http:\/\/www.leganet.cd\/Legislation\/Droit%20administratif\/Culture\/O.89.10.18.01.89.htm<\/a> <\/p><p class=\"import-Normal\" style=\"margin-left: 0pt; text-indent:0pt;\">Ordonnance-Loi 86-033 portant sur la protection des droits d\u2019auteurs et des droits voisins. (1986, 5 avril). <em>Leganet<\/em>.<a class=\"rId793\" href=\"https:\/\/www.leganet.cd\/Legislation\/Droit%20civil\/Dintellectuels\/OL.86.033.05.04.1986.htm\"> <\/a><a class=\"rId794\" href=\"https:\/\/www.leganet.cd\/Legislation\/Droit%20civil\/Dintellectuels\/OL.86.033.05.04.1986.htm\">https:\/\/www.leganet.cd\/Legislation\/Droit%20civil\/Dintellectuels\/OL.86.033.05.04.1986.htm<\/a> <\/p><p class=\"import-Normal\">Oury, A. (2015, 03 juin). Les biblioth\u00e8ques acad\u00e9miques du Congo ont leur consortium. <em>Actualitt\u00e9<\/em>. <a class=\"rId795\" href=\"https:\/\/actualitte.com\/article\/39440\/bibliotheque\/les-bibliotheques-academiques-du-congo-ont-leur-consortium\"><em>https:\/\/actualitte.com\/article\/39440\/bibliotheque\/les-bibliotheques-academiques-du-congo-ont-leur-consortium<\/em><\/a><em>).  <\/em> <\/p><p class=\"import-Normal\" style=\"margin-left: 0pt; text-indent:0pt;\">Oziankom, P. W. B. (2022). Quelle m\u00e9diation pour les biblioth\u00e8ques en milieux universitaires congolais ? Une \u00e9valuation du soutien de la coop\u00e9ration belge aux biblioth\u00e8ques universitaires de la R\u00e9publique D\u00e9mocratique du Congo. <em>Cahiers Africains Des Droits de l\u2019Homme et de La D\u00e9mocratie Ainsi Que Du D\u00e9veloppement Durable<\/em>, <em>2<\/em>(75), 33-350.<a class=\"rId796\" href=\"https:\/\/www.cadhd-dr.org\/_files\/ugd\/bc3611_49c2157187884de2bba0c59c6bea1f10.pdf\"> <\/a><a class=\"rId797\" href=\"https:\/\/www.cadhd-dr.org\/_files\/ugd\/bc3611_49c2157187884de2bba0c59c6bea1f10.pdf\">https:\/\/www.cadhd-dr.org\/_files\/ugd\/bc3611_49c2157187884de2bba0c59c6bea1f10.pdf<\/a> <\/p><p class=\"import-Normal\" style=\"margin-left: 0pt; text-indent:0pt;\">Perspective Monde. (s. d.). <em>Congo (rep. dem.) : chronologie depuis 1960.<\/em> Universit\u00e9 de Sherbrooke.<a class=\"rId798\" href=\"https:\/\/perspective.usherbrooke.ca\/bilan\/servlet\/BMHistoriquePays?codePays=COD&amp;langue=en\">https:\/\/perspective.usherbrooke.ca\/bilan\/servlet\/BMHistoriquePays?codePays=COD&amp;langue=en<\/a> <\/p><p class=\"import-Normal\" style=\"margin-left: 0pt; text-indent:0pt;\">R\u00e9publique d\u00e9mocratique du Congo (RDC). (s. d.). Dans <em>Encyclop\u00e9die Larousse en ligne<\/em>.<a class=\"rId799\" href=\"https:\/\/www.larousse.fr\/encyclopedie\/pays\/R%C3%A9publique_d%C3%A9mocratique_du_Congo\/114374\"> <\/a><a class=\"rId800\" href=\"https:\/\/www.larousse.fr\/encyclopedie\/pays\/R%C3%A9publique_d%C3%A9mocratique_du_Congo\/114374\">https:\/\/www.larousse.fr\/encyclopedie\/pays\/R%C3%A9publique_d%C3%A9mocratique_du_Congo\/114374<\/a> <\/p><p class=\"import-Normal\" style=\"margin-left: 0pt; text-indent:0pt;\">Sadiki, A. (2022, 27 octobre). RDC : le gouvernement met \u00e0 disposition des \u00e9tudiants une biblioth\u00e8que num\u00e9rique, <em>Le Journal Africa.<\/em><a class=\"rId801\" href=\"https:\/\/lejournal.africa\/rdc-le-gouvernement-met-a-la-disposition-des-etudiants-une-bibliotheque-numerique\/\"> <\/a><a class=\"rId802\" href=\"https:\/\/lejournal.africa\/rdc-le-gouvernement-met-a-la-disposition-des-etudiants-une-bibliotheque-numerique\/\">https:\/\/lejournal.africa\/rdc-le-gouvernement-met-a-la-disposition-des-etudiants-une-bibliotheque-numerique\/<\/a> <\/p><p class=\"import-Normal\" style=\"margin-left: 0pt; text-indent:0pt;\">Tshijuka, G. (2022, 8 novembre). <em>RDC-Justice : Inauguration d\u2019une biblioth\u00e8que carc\u00e9rale pour enfants \u00e0 la Prison centrale de Makala<\/em>. Digitalcongo.cd.<a class=\"rId803\" href=\"https:\/\/www.digitalcongo.cd\/detail6005\"> <\/a><a class=\"rId804\" href=\"https:\/\/www.digitalcongo.cd\/detail6005\">https:\/\/www.digitalcongo.cd\/detail6005<\/a> <\/p><p class=\"import-Normal\" style=\"margin-left: 0pt; text-indent:0pt;\">Universit\u00e9 de Kinshasa. (2022, 28 novembre). Dans <em>Wikip\u00e9dia.<\/em><a class=\"rId805\" href=\"https:\/\/fr.wikipedia.org\/wiki\/Universit%C3%A9_de_Kinshasa\"> <\/a><a class=\"rId806\" href=\"https:\/\/fr.wikipedia.org\/wiki\/Universit%C3%A9_de_Kinshasa\">https:\/\/fr.wikipedia.org\/wiki\/Universit%C3%A9_de_Kinshasa<\/a> <\/p><p class=\"import-Normal\" style=\"margin-left: 0pt; text-indent:0pt;\"\/><\/div>","rendered":"<div class=\"r&#xe9;publique-d&#xe9;mocratique-du-congo\">\n<p class=\"import-Normal\">(Louise-Marie Picard, Gana\u00eblle Roberge, Fatima Zelazel)<\/p>\n<p class=\"import-Subtitle\" style=\"background-color:transparent;text-align:justify;text-justify:inter-ideograph; text-indent:35pt;\"><a id=\"_dnbtqbthz3ad\"><\/a><\/p>\n<h2><a id=\"_jdyissyyhlye\">Profil du pays<\/a><\/h2>\n<p class=\"import-Normal\" style=\"text-align:justify;text-justify:inter-ideograph;\">La R\u00e9publique D\u00e9mocratique du Congo (RDC) est le deuxi\u00e8me plus grand pays d\u2019Afrique, apr\u00e8s l\u2019Alg\u00e9rie, et le plus grand pays d\u2019Afrique subsaharienne. D\u2019une superficie de 2 344 858 km<sup>2<\/sup>, la RDC partage ses fronti\u00e8res avec l\u2019Angola au sud-ouest, le Soudan au nord-est, l\u2019Ouganda au nord-est, le Rwanda et le Burundi \u00e0 l\u2019est, la Tanzanie au sud-est et la Zambie au sud-est. La RDC est une r\u00e9publique semi-pr\u00e9sidentielle divis\u00e9e en 26 provinces administratives. En 2022, la population totale \u2013 108,407 millions habitants \u2013 est principalement r\u00e9partie dans les grandes agglom\u00e9rations urbaines. La capitale, Kinshasa, est la ville la plus dense avec 15, 628 millions habitants. La capitale congolaise, anciennement nomm\u00e9e L\u00e9opoldville de 1881 \u00e0 1966 durant la colonisation belge, garde sa fonction administrative et strat\u00e9gique. Elle est la plus grande agglom\u00e9ration francophone du monde et la troisi\u00e8me du continent africain derri\u00e8re Le Caire (Wikip\u00e9dia, 2022). Les autres principales villes, sur le plan \u00e9conomique et d\u00e9mographique, sont Mbuji-Mayi (2,695 millions d\u2019habitants), Lubumbashi (1,593 million d\u2019habitants), Kisangani (1,366 million d\u2019habitants) et Bukavu (1,190 million d\u2019habitants). La RDC est un pays d\u2019une grande diversit\u00e9 ethnique, linguistique et confessionnelle. Parmi les 200 ethnies, dont la majorit\u00e9 est bantoue, les quatre plus grandes ethnies sont Mongo, Luba, Kongo et Mangbetu-Azande (hamitiques) qui repr\u00e9sentent \u00e0 elles seules 45% de la population. Les principales confessions sont le christianisme (catholiques et protestants) en majorit\u00e9, le kimbanguisme et l\u2019islam. Les cinq langues nationales sont le fran\u00e7ais \u2013 la langue officielle \u2013, le lingala (une langue commerciale lingua franca), le kingwana (un dialecte du kiswahili ou du swahili), le kikongo et le tshiluba. La RDC est fortement impact\u00e9e par les nombreux conflits et les crises \u00e9conomiques qui aggravent la sant\u00e9 infantile \u2013 plus de 30 % des enfants souffrent de la malnutrition, le taux de mortalit\u00e9 infantile de 6,8 % \u2013, les services publics d\u2019\u00e9ducation et le manque d\u2019acc\u00e8s \u00e0 l\u2019eau potable et aux autres infrastructures sanitaires, \u00e9nerg\u00e9tiques et de t\u00e9l\u00e9communication. En 2016, le taux d\u2019alphab\u00e9tisation de la population totale est de 77 %, dont 66,5 % chez les femmes (Central Intelligence Agency, s. d.). <\/p>\n<p class=\"import-Normal\" style=\"text-align:justify;text-justify:inter-ideograph;\">\n<h2><a id=\"_oor0b9s6dspg\">Histoire  <\/a><\/h2>\n<p class=\"import-Normal\" style=\"text-align:justify;text-justify:inter-ideograph;\">En 1885, lors de la Conf\u00e9rence de Berlin, le roi L\u00e9opold II de Belgique parvient \u00e0 se faire octroyer personnellement un tr\u00e8s vaste territoire au centre de l\u2019Afrique qui est nomm\u00e9 l\u2019\u00c9tat ind\u00e9pendant du Congo en \u00e9change de la promesse d\u2019y maintenir la libre circulation et le libre-\u00e9change. En 1908, L\u00e9opold II est cependant contraint d\u2019abandonner sa souverainet\u00e9 sur la r\u00e9gion. La Belgique prend le relais et ce vaste territoire devient le Congo belge (Alcandre, 2016). \u00c0 l\u2019\u00e9poque coloniale, les biblioth\u00e8ques sont fond\u00e9es par les Europ\u00e9ens pour les \u00e9lites europ\u00e9ennes et 90% d\u2019entre elles se trouvent dans des quartiers habit\u00e9s par les colons (Bobutaka Bateko, 2015). Le contenu des collections est \u00e9galement issu de l\u2019\u00e9tranger (Manuana Nseka, 2007). \u00c0 partir de 1908, la nouvelle tutelle belge est plus douce, mais le m\u00e9contentement continue de cro\u00eetre au sein de la population. Durant la Deuxi\u00e8me Guerre mondiale, le Congo belge est pratiquement autonome, la Belgique \u00e9tant aux prises avec l\u2019envahisseur allemand (Larousse, s. d.). Ce n\u2019est cependant qu\u2019en 1960 que la Belgique consent \u00e0 accorder son ind\u00e9pendance \u00e0 ce qui devient alors la R\u00e9publique du Congo-Kinshasa (Larousse, s. d.). D\u00e8s l\u2019ind\u00e9pendance, de graves troubles s\u2019emparent du pays alors que des groupes s\u00e9cessionnistes et d\u2019autres pr\u00f4nant l\u2019unit\u00e9 nationale s\u2019affrontent (Larousse, s. d.). En 1961, le premier ministre Patrice Lumumba est ex\u00e9cut\u00e9 dans la province du Katanga (Perspective Monde, s. d.). Avec ces nombreux bouleversements, le gouvernement ne cherche pas \u00e0 d\u00e9velopper son r\u00e9seau de biblioth\u00e8ques qui conserve les lacunes h\u00e9rit\u00e9es de la p\u00e9riode coloniale (Manuana Nseka, 2007). En 1965, un coup d\u2019\u00c9tat orchestr\u00e9 par l\u2019arm\u00e9e porte le militaire Mobutu Sese Seko au pouvoir. Il r\u00e9unifie le pays qu\u2019il rebaptise le Za\u00efre et instaure un r\u00e9gime autoritaire (Perspective Monde, s. d.). Celui-ci adopte des politiques en ce qui a trait aux livres et aux biblioth\u00e8ques pour asseoir son pouvoir. Le gouvernement za\u00efrois exprime \u00e9ventuellement sa volont\u00e9 de r\u00e9organiser la Biblioth\u00e8que nationale et les biblioth\u00e8ques publiques provinciales, mais le financement tarde \u00e0 venir et elles demeurent dans la pr\u00e9carit\u00e9. Le manque de moyens affecte \u00e9galement les biblioth\u00e8ques universitaires qui ne parviennent pas \u00e0 renouveler leurs collections (Manuana Nseka, 2007). En 1997, l\u2019Alliance des forces d\u00e9mocratiques pour la lib\u00e9ration du Congo parvient \u00e0 d\u00e9loger le dictateur za\u00efrois. Laurent-D\u00e9sir\u00e9 Kabila, figure de proue du mouvement, prend alors le pouvoir et instaure \u00e0 son tour un r\u00e9gime totalitaire sur le pays qu\u2019il renomme R\u00e9publique d\u00e9mocratique du Congo. Par la suite, le nouveau pr\u00e9sident tourne le dos aux alli\u00e9s africains qui l\u2019ont aid\u00e9 \u00e0 prendre le pouvoir, ce qui d\u00e9clenche de nouveaux affrontements (Perspective Monde, s. d.). Entre 1998 et 2002, pr\u00e8s de 5,9 millions de personnes perdent la vie dans le cadre de ce conflit que les experts appellent la \u00ab Premi\u00e8re guerre mondiale d\u2019Afrique \u00bb (Efole, 2014). En 2002, un trait\u00e9 de paix est sign\u00e9 entre les parties et une nouvelle Constitution est adopt\u00e9e (Perspective Monde s. d.). La situation des biblioth\u00e8ques du pays est toujours probl\u00e9matique apr\u00e8s l\u2019armistice. Les biblioth\u00e8ques financ\u00e9es par des acteurs \u00e9trangers comme celles des missionnaires religieux, celles issues de missions de coop\u00e9ration internationale ou celles des \u00e9coles sup\u00e9rieures priv\u00e9es sont les seules \u00e0 b\u00e9n\u00e9ficier d\u2019une certaine aisance. Le manque de volont\u00e9 politique du gouvernement entra\u00eene une carence importante en mati\u00e8re de ressources financi\u00e8res, ce qui entrave le d\u00e9veloppement des autres biblioth\u00e8ques du pays (Manuana Nseka, 2007). <\/p>\n<h2><a id=\"_ttbg8dab73dl\">Types de biblioth\u00e8ques <\/a><\/h2>\n<p class=\"import-Normal\" style=\"text-align:justify;text-justify:inter-ideograph;\">Peu d\u2019informations statistiques r\u00e9centes existent sur les biblioth\u00e8ques en RDC. En effet, sa derni\u00e8re participation au recensement des biblioth\u00e8ques de l\u2019IFLA remonte \u00e0 2007. Ce rapport recense 1 biblioth\u00e8que nationale, 30 biblioth\u00e8ques publiques \u2013 c\u2019est une grande diminution \u00e9tant donn\u00e9 que le rapport de 2005 fait mention de 475 biblioth\u00e8ques publiques \u2013, 35 biblioth\u00e8ques scolaires, 50 biblioth\u00e8ques universitaires et 10 biblioth\u00e8ques de recherche financ\u00e9es par le gouvernement (IFLA, 2007). Par ailleurs, le peu de participation des biblioth\u00e8ques universitaires (BU) congolaises sur la sc\u00e8ne internationale de l\u2019IFLA et le SCAULWA, par exemple, en comparaison aux BU s\u00e9n\u00e9galaises ou nig\u00e9riennes, ne permet ni le d\u00e9veloppement de partenariats ni la mutualisation des pratiques. L\u2019\u00e9tat des lieux des BU en RDC s\u2019appuie sur deux principaux colloques qui ont eu lieu \u00e0 Kinshasa en 2004 (18e colloque de l&rsquo;Association internationale de Bibliologie) et en 2005 (3e conf\u00e9rence nationale des biblioth\u00e8ques et centres de documentation). Les r\u00e9f\u00e9rences statistiques sont parcellaires et peu r\u00e9centes (Bunduki Oziankom, 2022). <\/p>\n<p class=\"import-Normal\" style=\"text-align:justify;text-justify:inter-ideograph;\">\n<h3><a id=\"_1aqdnjkktxfp\"><em>Biblioth\u00e8ques publiques <\/em> <\/a><\/h3>\n<p class=\"import-Normal\" style=\"text-align:justify;text-justify:inter-ideograph;\">Le territoire de l\u2019actuelle RDC est l\u2019un des premiers pays africains \u00e0 obtenir, en 1895, une biblioth\u00e8que publique sous la colonisation belge d\u00e8s les d\u00e9buts de l\u2019\u00c9tat ind\u00e9pendant du Congo. Puis, les premi\u00e8res biblioth\u00e8ques publiques officielles sont cr\u00e9\u00e9es sous une ordonnance du gouvernement g\u00e9n\u00e9ral prononc\u00e9e en 1932. Ainsi, en 1959, \u00e0 la veille de l\u2019ind\u00e9pendance, le dernier rapport officiel de la colonie belge mentionne 432 biblioth\u00e8ques ; sur ce nombre, 44 sont r\u00e9serv\u00e9es aux europ\u00e9ens \u2013 dont 32 officielles \u2013 et 288 aux Congolais \u2013 dont 172 rel\u00e8vent de la colonie et 128 de congr\u00e9gations belges. Or, 7 ann\u00e9es apr\u00e8s l\u2019ind\u00e9pendance, seulement 24 biblioth\u00e8ques subsistent dans tout le pays en raison d\u2019une mauvaise gestion publique coloniale, mais surtout du fait de difficult\u00e9s au sein m\u00eame des biblioth\u00e8ques sur le plan administratif et de la gestion du personnel et du public (Cassiau-Haurie, 2004). Dans plusieurs pays africains, dont la RDC, l\u2019opinion publique et celle de dirigeants semblent ne pas percevoir l\u2019institution de la biblioth\u00e8que \u00e0 sa juste valeur, soit comme un des fondements de l\u2019instruction et du d\u00e9veloppement socio-\u00e9conomique. D\u2019ailleurs, les initiatives de lecture publique proviennent des missions diplomatiques, des ambassades et de la coop\u00e9ration internationale (Kitambala Dwan\u2019Essa, 2004). De plus, il n\u2019y a pas de r\u00e9seau de biblioth\u00e8ques publiques d\u00e9ploy\u00e9 sur l\u2019ensemble du territoire national. Les grandes biblioth\u00e8ques sont situ\u00e9es \u00e0 Kinshasa, principalement dans la commune de Gombe, et dans d\u2019autres chefs-lieux des provinces. Ces biblioth\u00e8ques, dans les centres urbains, semblent \u00eatre con\u00e7ues pour une minorit\u00e9 de la population \u2013 lettr\u00e9e \u2013 au d\u00e9triment des ouvriers et des paysans qui demeurent dans des r\u00e9gions plus \u00e9loign\u00e9es (Mashako Mamba, L., Mwenbie Bangata-Mbata, H., Tengeneza Baguma, D. D., 2016). <\/p>\n<p class=\"import-Normal\" style=\"text-align:justify;text-justify:inter-ideograph;\">\n<h3><a id=\"_3n1mdbt3n6y4\"><em>Biblioth\u00e8ques scolaires <\/em> <\/a><\/h3>\n<p class=\"import-Normal\" style=\"text-align:justify;text-justify:inter-ideograph;\">Le syst\u00e8me \u00e9ducatif de la RDC se trouve en posture difficile depuis les derniers conflits et guerres, mais \u00e9galement par sa forte croissance d\u00e9mographique. En effet, 65,5% de sa population est \u00e2g\u00e9e de moins de 24 ans. De plus, le gouvernement a instaur\u00e9, en 2010, une politique d\u2019abolition des frais scolaires pour les \u00e9l\u00e8ves du primaire et du secondaire. Or, la plupart des \u00e9coles publiques se trouvent dans de mauvaises conditions (Mwenzi, 2020). Selon le rapport PASEC national publi\u00e9 en 2010, seulement 8% des \u00e9l\u00e8ves de 2<sup>e<\/sup> et de 5<sup>e<\/sup> ann\u00e9e du primaire poss\u00e8dent une biblioth\u00e8que fonctionnelle et \u00e9quip\u00e9e. Ce rapport souligne \u00e9galement que l\u2019am\u00e9nagement d\u2019une biblioth\u00e8que dans une \u00e9cole n\u2019est pas suffisant pour am\u00e9liorer les scores de ces \u00e9l\u00e8ves : encore faut-il qu\u2019elle dispose d\u2019une gestion efficace (Minist\u00e8re de l\u2019Enseignement primaire, secondaire et professionnel, 2014). Dans la perspective d\u2019am\u00e9liorer le syst\u00e8me \u00e9ducatif, le Gouvernement de la RDC s\u2019arme, en 2015, d\u2019une strat\u00e9gie sectorielle de l\u2019\u00e9ducation et de la formation pour la p\u00e9riode de 2016-2025 qui implique diff\u00e9rents minist\u00e8res touchant \u00e0 l\u2019\u00e9ducation et \u00e0 la formation (Minist\u00e8re de l\u2019Enseignement primaire, secondaire et initiation \u00e0 la nouvelle citoyennet\u00e9, 2015). Ainsi, le gouvernement manifeste son intention d\u2019am\u00e9liorer l\u2019environnement \u00e9ducatif \u00e0 tous les niveaux \u2013 primaire, secondaire, sup\u00e9rieur et universitaire \u2013 en dotant les \u00e9tablissements d\u2019enseignement d\u2019infrastructures favorisant l\u2019\u00e9ducation inclusive et de biblioth\u00e8ques. De plus, il poursuit \u00e9galement les objectifs suivants : analyser les besoins en biblioth\u00e8ques, acqu\u00e9rir des fonds documentaires et du mat\u00e9riel n\u00e9cessaire \u00e0 celles-ci, offrir \u00e0 toutes les \u00e9coles \u2013 chaque ann\u00e9e de 2016 \u00e0 2020 \u2013 un lot de livres ou une dotation financi\u00e8re et, pour am\u00e9liorer la gestion des biblioth\u00e8ques, \u00e9laborer un guide et une formation. Ce programme gouvernemental promet en outre une biblioth\u00e8que \u00e0 toutes les \u00e9coles d\u2019ici 2025. Enfin, le gouvernement souhaite favoriser l\u2019utilisation des technologies de l\u2019information et de la communication (TIC) gr\u00e2ce notamment \u00e0 l\u2019instauration de biblioth\u00e8ques virtuelles (Minist\u00e8re de l\u2019Enseignement primaire secondaire et initiation \u00e0 la nouvelle citoyennet\u00e9, 2015).   <\/p>\n<p class=\"import-Normal\" style=\"text-align:justify;text-justify:inter-ideograph;\">\n<h3><a id=\"_ywgn8iobctue\"><em>Biblioth\u00e8que nationale <\/em> <\/a><\/h3>\n<p class=\"import-Normal\" style=\"text-align:justify;text-justify:inter-ideograph;\">La Biblioth\u00e8que centrale de Kinshasa est fond\u00e9e en 1949. Lorsque le pays obtient son ind\u00e9pendance de la Belgique, la situation de la biblioth\u00e8que se d\u00e9grade par manque de moyens financiers et avec l\u2019exode des cadres belges (Kalumba, 2005). En 1974, elle prend le nom de Biblioth\u00e8que nationale du Za\u00efre. Suite \u00e0 l\u2019adoption de l\u2019ordonnance n. 89-010 en 1989, un directeur g\u00e9n\u00e9ral est nomm\u00e9 \u00e0 sa t\u00eate, mais elle est toujours sous la tutelle du Minist\u00e8re de la Culture, des arts et patrimoines (Fournier, 1997). Elle porte maintenant le nom de Biblioth\u00e8que nationale du Congo. Cette derni\u00e8re s\u2019occupe de tout ce qui a trait au d\u00e9p\u00f4t l\u00e9gal et \u00e0 la promotion de la lecture. Elle se charge \u00e9galement de publier annuellement un ouvrage de bibliographie nationale ainsi qu\u2019un r\u00e9pertoire pour les th\u00e8ses et m\u00e9moires universitaires. Finalement, elle vise \u00e0 faire conna\u00eetre dans tout le pays les normes internationales pour la classification et l\u2019indexation des documents et elle encourage \u00ab toutes les initiatives tendant \u00e0 contribuer au d\u00e9veloppement de l\u2019industrie de la production et de la consommation du livre \u00bb (Minist\u00e8re de la Culture, des arts et patrimoines, s. d.). En pratique, le r\u00f4le de la Biblioth\u00e8que nationale du Congo est cependant moins net. En effet, le professeur Bob Bobutaka Bateko de l\u2019Institut sup\u00e9rieur de statistique de Kinshasa note dans un de ses ouvrages certains points qui d\u00e9montrent que cette institution a grandement besoin de r\u00e9former ses m\u00e9thodes. D\u2019une part, la Biblioth\u00e8que nationale du Congo ne contribue finalement pas de mani\u00e8re active \u00e0 la promotion de normes nationales pour le catalogage et la classification. De plus, celle-ci ne prot\u00e8ge pas le droit d\u2019auteur des \u0153uvres inscrites dans la bibliographie nationale qu\u2019elle produit. D\u2019autre part, elle \u00e9volue, pour ainsi dire, en vase clos : aucune \u00ab synergie \u00bb n\u2019anime ses rapports avec les milieux universitaires, et les diff\u00e9rents minist\u00e8res gouvernementaux ne coop\u00e8rent pas entre eux pour la valoriser (Bobutaka Bateko, 2015). En ce qui a trait aux donn\u00e9es concernant la taille de la collection, un reportage pour RFI Afrique datant de 2018 fait \u00e9tat de pr\u00e8s de 120 000 livres et 700 000 pi\u00e8ces photographiques (Ligodi, 2018). Entre 2008 et 2009, la Mission de l\u2019Organisation des Nations Unies (MONUC) pour la RDC finance la modernisation de la biblioth\u00e8que nationale du pays, notamment par l\u2019achat d\u2019un logiciel de gestion documentaire et d\u2019ordinateurs ainsi que la formation d\u2019une quinzaine de techniciens. Le directeur de l\u2019\u00e9poque, George Mulumba, a grandement remerci\u00e9 la MONUC en d\u00e9plorant le manque de financement dont sa biblioth\u00e8que souffre \u00e0 cause des politiques gouvernementales (MONUC, 2009). Entre 1960 et 2002, l\u2019\u00c9tat congolais a en effet financ\u00e9 la construction d\u2019une seule biblioth\u00e8que et celles qui peinent \u00e0 survivre ne re\u00e7oivent qu\u2019une tr\u00e8s faible partie des recettes du gouvernement (Cassiau-Haurie, 2003-2004). <\/p>\n<p class=\"import-Normal\" style=\"text-align:justify;text-justify:inter-ideograph;\">\n<h3><a id=\"_c1qx83p22o9w\"><em>Biblioth\u00e8ques universitaires<\/em> <\/a><\/h3>\n<p class=\"import-Normal\" style=\"text-align:justify;text-justify:inter-ideograph;\">Le d\u00e9veloppement des BU en RDC est \u00e9troitement li\u00e9 \u00e0 l\u2019histoire de l\u2019enseignement sup\u00e9rieur qui a connu deux grandes p\u00e9riodes significatives. Avant le tournant historique de 1971, les BU sont subventionn\u00e9es par le gouvernement colonial belge local qui apporte \u00e9galement un soutien dans l\u2019enseignement scientifique. L\u2019Universit\u00e9 Nationale du Za\u00efre (UNAZA) est cr\u00e9\u00e9e durant la phase de nationalisation et du programme d\u2019africanisation des personnels enseignants et cela rompt les liens avec les coop\u00e9rations belges et internationales. Cependant, la BU perd son important patrimoine documentaire sous la dictature de Mobutu en raison des probl\u00e8mes de pr\u00e9servation et des autres d\u00e9gradations (Kalala  Mukoma 2005). Sur les recommandations de l\u2019UNESCO, la BU obtient un nouveau cadre statutaire. La r\u00e9forme de 1981 est le d\u00e9but d\u2019une d\u00e9gradation progressive des infrastructures et des conditions de travail ainsi que l\u2019apparition d\u2019une corruption au sein des universit\u00e9s. Le syllabus est devenu une priorit\u00e9 et un march\u00e9 mon\u00e9taire au d\u00e9triment de la mission des BU qui est de s\u2019employer \u00e0 l\u2019apprentissage et \u00e0 la recherche scientifique. Le d\u00e9but des ann\u00e9es 2000 est marqu\u00e9 par le retour de la coop\u00e9ration avec la Belgique et les autres organismes francophones et internationaux sous forme d\u2019appuis structurels et logistiques, technologiques, d\u2019aides financi\u00e8res, de dotations mat\u00e9rielles, de livres et de formations du personnel (Kalala Mukoma 2005). En revanche, les BU doivent relever plusieurs d\u00e9fis comme la r\u00e9habilitation des b\u00e2timents d\u00e9labr\u00e9s, l\u2019acc\u00e8s \u00e0 l\u2019information et le num\u00e9rique. Une discordance est constat\u00e9e entre l\u2019\u00e9quipement technologique \u00e0 disposition des usagers dans leurs recherches, \u00e0 l\u2019aide du catalogage par exemple. L\u2019acc\u00e8s \u00e0 la documentation demande un accompagnement adapt\u00e9 au plus pr\u00e8s de leurs besoins, mais le manque d\u2019investissements des autorit\u00e9s et des institutions universitaires ne contribue pas aux bonnes conditions de fonctionnement des BU congolaises (Bunduki Oziankom, 2022). En outre, en octobre 2022, le minist\u00e8re de l\u2019Enseignement sup\u00e9rieur et universitaire lance la biblioth\u00e8que num\u00e9rique gratuite en ligne en partenariat avec l\u2019Agence Universitaire Francophone (Sadiki, 2022). Le r\u00e9seau des BU est r\u00e9parti entre le secteur public, qui correspond aux BU et aux instituts sup\u00e9rieurs, et le secteur priv\u00e9 qui regroupe des institutions confessionnelles, des biblioth\u00e8ques rattach\u00e9es aux ONG et des biblioth\u00e8ques priv\u00e9es g\u00e9r\u00e9es par des entit\u00e9s individuelles. Le centre de documentation de l\u2019enseignement sup\u00e9rieur et universitaire pour la recherche de Kinshasa (CEDESURK) est une biblioth\u00e8que interuniversitaire autonome. Les BU congolaises sont tr\u00e8s disparates. En 2011, l\u2019effectif global est estim\u00e9 \u00e0 604 000 \u00e9tudiants et 1965 professeurs dont 50 dans le priv\u00e9 (Minist\u00e8re des Affaires \u00e9trang\u00e8res de France, s.d.). Les 901 \u00e9tablissements sup\u00e9rieurs sous la responsabilit\u00e9 du minist\u00e8re de l\u2019Enseignement sup\u00e9rieur et universitaire ne sont pas tous \u00e9quip\u00e9s d\u2019une BU fonctionnelle et am\u00e9nag\u00e9e.  <\/p>\n<p class=\"import-Normal\" style=\"text-align:justify;text-justify:inter-ideograph;\">\n<p class=\"import-Normal\" style=\"text-align:justify;text-justify:inter-ideograph;\"><em>Biblioth\u00e8que universitaire publique de l\u2019Universit\u00e9 de Kinshasa (UNIKIN)<\/em> <\/p>\n<p class=\"import-Normal\" style=\"text-align:justify;text-justify:inter-ideograph;\">L\u2019UNAZA, devenue l\u2019UNIKIN, poss\u00e9dait la plus grande biblioth\u00e8que de l\u2019Afrique subsaharienne avec son important patrimoine documentaire (Kalaka 2005). Cette BU, sous la tutelle juridique du minist\u00e8re de l\u2019Enseignement sup\u00e9rieur et universitaire, se structure en une grande biblioth\u00e8que centrale qui contr\u00f4le les 18 biblioth\u00e8ques sp\u00e9cialis\u00e9es et autonomes r\u00e9parties entre les 10 facult\u00e9s et les 10 centres de recherche dans les domaines pluridisciplinaires. Elle poss\u00e8de une salle de lecture avec 500 places assises (Wikip\u00e9dia, 2016). Les principales sources financi\u00e8res proviennent de dons et des ressources propres g\u00e9n\u00e9r\u00e9es par le co\u00fbt des cartes d\u2019abonnement. L\u2019\u00e9quipe est compos\u00e9e de 28 biblioth\u00e9caires scientifiques form\u00e9s. Le fonctionnement de la BU s\u2019appuie essentiellement sur les coop\u00e9rations francophones : belge, fran\u00e7aise et canadienne qui proposent des projets d\u2019appui \u00e0 la documentation, \u00e0 la formation et \u00e0 la dotation mat\u00e9rielle (Kalaka, 2005). <\/p>\n<p class=\"import-Normal\" style=\"text-align:justify;text-justify:inter-ideograph;\">\n<h3><a id=\"_u4oxpwv8pt71\"><em>Biblioth\u00e8ques de coop\u00e9rations diplomatiques<\/em> <\/a><\/h3>\n<p class=\"import-Normal\" style=\"text-align:justify;text-justify:inter-ideograph;\">Les r\u00e9seaux des biblioth\u00e8ques de coop\u00e9rations diplomatiques ont une place importante dans le panorama de la biblioth\u00e9conomie congolaise et sur l\u2019ensemble du territoire dans la mesure o\u00f9 elles jouent aussi ce r\u00f4le de biblioth\u00e8ques publiques permettant l\u2019acc\u00e8s \u00e0 la lecture et \u00e0 la culture. Plac\u00e9 sous la tutelle du Minist\u00e8re de l\u2019Europe et des Affaires \u00e9trang\u00e8res et du Minist\u00e8re de la Culture, l\u2019institut fran\u00e7ais implant\u00e9 dans la capitale congolaise est aussi un r\u00e9seau d\u2019alliances fran\u00e7aises dans les autres provinces administratives. Au-del\u00e0 de leur mission de promotion de la culture fran\u00e7aise avec leurs centres de certification du fran\u00e7ais et de la cr\u00e9ation artistique, elles assurent des missions de lecture et d\u2019apprentissage en lien avec les m\u00e9diath\u00e8ques implant\u00e9es sur leurs sites. La m\u00e9diath\u00e8que Floribert Chebeya de l\u2019Institut fran\u00e7ais de Kinshasa, r\u00e9nov\u00e9 en 2011, compte une collection de 20 000 ouvrages ainsi que des ressources en ligne (Institut Fran\u00e7ais, s. d.). Avec l\u2019organisme non gouvernemental Biblioth\u00e8ques Sans Fronti\u00e8res, des \u00ab Ideas Cube \u00bb contenant du mat\u00e9riel num\u00e9rique ont \u00e9t\u00e9 install\u00e9s dans les universit\u00e9s de Kinshasa et r\u00e9partis dans les instituts fran\u00e7ais de Bukavu et Kinshasa. Le centre culturel Wallonie \u00e0 Kinshasa \u2013 une antenne d\u00e9centralis\u00e9e de la Wallonie Bruxelles Internationale \u2013 comprend une biblioth\u00e8que qui abrite aussi un fonds historique d\u2019archives sur la RDC et une collection vari\u00e9e d\u2019auteurs africains et belges (Institut Fran\u00e7ais, s. d.). <\/p>\n<p class=\"import-Normal\" style=\"text-align:justify;text-justify:inter-ideograph;\">\n<h2><a id=\"_8cxewfcrwgd0\">Cadre \u00e9ducatif en sciences de l\u2019information et des biblioth\u00e8ques<\/a><\/h2>\n<p class=\"import-Normal\">La formation des professionnels des biblioth\u00e8ques en RDC, \u00e0 l\u2019instar des pays africains de langue fran\u00e7aise, conna\u00eet une lenteur dans son d\u00e9veloppement jusque dans les ann\u00e9es 1980. Pour pallier cet enjeu, l\u2019UNESCO et trois coop\u00e9rations \u2013 belge, fran\u00e7aise et allemande \u2013 offrent \u00e0 des \u00e9tudiants africains de langue francophone l\u2019opportunit\u00e9 de recevoir, \u00e0 l\u2019international, une formation en biblioth\u00e9conomie (Bobutaka Bateko, 2009). Puis, une entente entre l\u2019UNESCO et le gouvernement du S\u00e9n\u00e9gal entament des d\u00e9marches pour dispenser, en terre africaine francophone, les premiers cours en biblioth\u00e9conomie \u00e0 des \u00e9tudiants africains, dont des Congolais. Ainsi, le Centre R\u00e9gional de Formation de Biblioth\u00e9caires (CRFB) voit le jour en 1962, \u00e0 Dakar au S\u00e9n\u00e9gal. Dans les premi\u00e8res ann\u00e9es, l\u2019UNESCO octroie des bourses aux \u00e9tudiants pour payer le co\u00fbt de leurs \u00e9tudes, puis cet on\u00e9reux programme est abandonn\u00e9 (Dione, 2015). Par ailleurs, l\u2019Institut national d\u2019archivistique, de biblioth\u00e9conomie et de documentation (INABDO), situ\u00e9 lui aussi \u00e0 Dakar, est cr\u00e9\u00e9 en 1977 par l\u2019Association internationale pour le d\u00e9veloppement de la documentation, des biblioth\u00e8ques et des archives en Afrique (AIDBA). Cet institut est actif pendant 8 ann\u00e9es et il forme plusieurs sp\u00e9cialistes des biblioth\u00e8ques de la R\u00e9publique D\u00e9mocratique du Congo. Parall\u00e8lement, les premiers cours en biblioth\u00e9conomie offerts sur le territoire de l\u2019actuelle RDC sont donn\u00e9s en guise de cours compl\u00e9mentaires dans le cadre du programme de la licence en Philosophie et Lettres au d\u00e9but des ann\u00e9es 1970. L\u2019Institut Sup\u00e9rieur de Statistique de Kinshasa (ISS\/Kin) \u2013 autrefois appel\u00e9 Institut d\u2019\u00e9tudes de d\u00e9veloppement social (IEDES) \u2013 est le premier \u00e0 instaurer, en RDC, une formation classique en biblioth\u00e9conomie, documentation et archivistique (Dimweka Kinkela et Masens Mukis, 2005). En effet, cet institut cr\u00e9\u00e9 en 1965 offre, d\u00e8s 1977-1978, une formation en Sciences des technologies documentaires (Bobutaka Bateko, 2015). Puis, en 1989, c\u2019est la naissance du D\u00e9partement de biblioth\u00e9conomie de la facult\u00e9 d\u2019Administration des Affaires et Sciences \u00e9conomiques (FASE) de l\u2019Universit\u00e9 protestante au Congo \u2013 nomm\u00e9e autrefois \u00ab facult\u00e9 protestante du Za\u00efre \u00bb (Dimweka Kinkela, E. et Masens Mukis, 2005). En 2015, les 5 institutions assurant la formation des biblioth\u00e9caires en RDC sont : l\u2019Institut Sup\u00e9rieur de Statistiques de Kinshasa (orientation biblioth\u00e9conomie ou bibliologie; cycle universitaire de 5 ans), l\u2019universit\u00e9 de Kinshasa (orientation biblioth\u00e9conomie; post-licence et cycle universitaire de 5 ans), l\u2019Institut facultaire des Sciences de l\u2019Information et de la Communication (orientation bibliologie; 2<sup>e<\/sup> cycle [licence], 3<sup>e<\/sup> cycle), l\u2019Universit\u00e9 catholique de Kinshasa (orientation bibliologie; 2<sup>e<\/sup> cycle [licence], 3<sup>e<\/sup> cycle), l\u2019Universit\u00e9 protestante au Congo (orientation biblioth\u00e9conomie; 2<sup>e<\/sup> cycle [licence]) (Bobutaka Bateko, 2015).  <\/p>\n<p class=\"import-Normal\">\n<p class=\"import-Normal\">En RDC, la biblioth\u00e9conomie s\u2019inscrit dans la grande cat\u00e9gorie des sciences et techniques documentaires et, plus sp\u00e9cifiquement, dans la sous-cat\u00e9gorie des techniques documentaires disciplinaires. Une autre discipline connexe fr\u00e9quemment employ\u00e9e dans ce pays est la bibliologie qui, selon les orientations, peut se d\u00e9finir de 3 fa\u00e7ons : une science de l\u2019information, une science de la communication ou une science de l\u2019information et de la communication (Bobutaka Bateko, 2015). <\/p>\n<h2><a id=\"_3iktuxyd32ob\">Associations<\/a><\/h2>\n<p class=\"import-Normal\">Les biblioth\u00e8ques de la RDC font partie, d\u2019une part, de r\u00e9seaux professionnels et, d\u2019autre part, de r\u00e9seaux appuy\u00e9s par des organismes non gouvernementaux.  <\/p>\n<p class=\"import-Normal\" style=\"text-align:justify;text-justify:inter-ideograph;\">Le principal r\u00e9seau professionnel des biblioth\u00e9caires congolais Mikanda de RDC est un portail Internet de ressources documentaires et de formations en ligne (Mikanda s. d.). Pour sa part, l\u2019Association Internationale de Bibliologie, fond\u00e9e en Belgique, a pour vocation de produire des publications scientifiques issues des colloques internationaux o\u00f9 participent les chercheurs et les professionnels des biblioth\u00e8ques de la RDC (AIB s. d.). Quant \u00e0 l\u2019Association des biblioth\u00e9caires, archivistes, documentalistes et mus\u00e9ologues (ABADOM), elle semble regrouper de nombreux professionnels de l\u2019information en RDC. Celle-ci ne poss\u00e8de pas de site Internet, mais certains articles font allusion \u00e0 son travail. Sur le site du COBIAC, un organisme de d\u00e9veloppement international fran\u00e7ais, il est expliqu\u00e9 que le r\u00f4le de l\u2019ABADOM est \u00ab d\u2019assurer la promotion de ces m\u00e9tiers en RDC, et de mettre en \u0153uvre une politique coh\u00e9rente et durable \u00bb (COBIAC, s. d.). En soutien, le COBIAC a envoy\u00e9 depuis 2007 plusieurs milliers de livres \u00e0 Kinshasa pour lutter contre l\u2019analphab\u00e9tisme. Dans un compte-rendu de l\u2019assembl\u00e9e g\u00e9n\u00e9rale de l\u2019association, l\u2019archiviste Delphin Bateko explique que l\u2019ABADOM a obtenu sa personnalit\u00e9 juridique en 1986. Ce proc\u00e8s-verbal fait aussi mention d\u2019un \u00ab projet de redynamisation [qui] vise la mise en place [de] biblioth\u00e8ques dans toutes les provinces o\u00f9 sont install\u00e9s les si\u00e8ges de l\u2019ABADOM \u00bb (Bateko, 2017). L\u2019ABADOM semble ainsi poss\u00e9der plusieurs succursales en RDC. En 2015, un r\u00e9seau professionnel, sous l\u2019appellation de Consortium des Biblioth\u00e8ques Acad\u00e9mique du Congo, de 12 biblioth\u00e8ques universitaires et d\u2019instituts sup\u00e9rieurs techniques et p\u00e9dagogiques issus du secteur priv\u00e9, est lanc\u00e9 dans les BU congolaises (Oury, 2015). Enfin, les biblioth\u00e8ques de la RDC font \u00e9galement partie de Biblionef, une organisation n\u00e9erlandaise reconnue par l\u2019UNESCO, et de Biblioth\u00e8ques Sans Fronti\u00e8res, une organisation sans but lucratif (Biblionef, s.d. ; BSF, s.d.). <\/p>\n<p class=\"import-Normal\" style=\"text-align:justify;text-justify:inter-ideograph;\">\n<h2><a id=\"_kkw9ggpufihl\">L\u00e9gislation<\/a><\/h2>\n<p class=\"import-Normal\" style=\"text-align:justify;text-justify:inter-ideograph;\">Des lois encadrent le travail des biblioth\u00e8ques en RDC, mais tr\u00e8s peu d\u2019informations sont accessibles, depuis le Canada, pour en tirer un portrait global. En 1951, l\u2019ordonnance n\u00b0 93-127 officialise la reconnaissance de biblioth\u00e8ques dites \u00ab publiques non officielles \u00bb (Droit congolais, s. d.). En 1974, la loi 74-003 \u2013 qui encadre le d\u00e9p\u00f4t l\u00e9gal \u2013 est adopt\u00e9e et elle est encore aujourd\u2019hui le cadre de r\u00e9f\u00e9rence dans le domaine (Bobutaka Bateko, 2015). Elle stipule, entre autres, que :   <\/p>\n<p class=\"import-Normal\" style=\"text-align:justify;text-justify:inter-ideograph;\">\n<p class=\"import-Normal\" style=\"text-align:justify;text-justify:inter-ideograph; margin-left: 35pt; text-indent:0pt;\">Tout \u00e9diteur est tenu de d\u00e9poser au Conseil l\u00e9gislatif national et \u00e0 la Biblioth\u00e8que nationale, dans le mois qui suit l\u2019enregistrement, huit exemplaires de chaque ouvrage ou publication qu\u2019il fait para\u00eetre : deux au Conseil l\u00e9gislatif national et six \u00e0 la Biblioth\u00e8que nationale. Les ouvrages de luxe tir\u00e9s \u00e0 moins de 300 exemplaires seront d\u00e9pos\u00e9s en trois exemplaires dont un au Conseil l\u00e9gislatif national et deux \u00e0 la Biblioth\u00e8que nationale. (Loi 74-003, article 3) <\/p>\n<p class=\"import-Normal\" style=\"text-align:justify;text-justify:inter-ideograph; margin-left: 35pt; text-indent:0pt;\">\n<p class=\"import-Normal\" style=\"text-align:justify;text-justify:inter-ideograph;\">Par la suite, l\u2019arr\u00eat\u00e9 n\u00b0 04\/DONCA\/59 de 1980 vient compl\u00e9ter la loi sur le d\u00e9p\u00f4t l\u00e9gal qui devient payant. Un \u00e9diteur ou un auteur congolais qui publie \u00e0 l\u2019\u00e9tranger et qui d\u00e9sire d\u00e9poser des exemplaires \u00e0 la Biblioth\u00e8que nationale ainsi qu\u2019au Conseil l\u00e9gislatif, comme l\u2019exige la loi, doit d\u00e9bourser l\u2019\u00e9quivalent de 100$US. Cela fragilise la \u00ab capacit\u00e9 d\u2019enregistrement du patrimoine \u00e0 conserver [&#8230;] la m\u00e9moire \u00e9ditoriale du pays \u00bb (Bobutaka Bateko, 2015). En 1986, l\u2019actuelle RDC se dote de l&rsquo;ordonnance n\u00b0 86-033 pour prot\u00e9ger les droits des auteurs en mati\u00e8re de propri\u00e9t\u00e9 intellectuelle (Ordonnance-Loi 86-033, 1986). En 1989, l\u2019ordonnance 89-010 donne \u00e0 la Biblioth\u00e8que nationale du Congo sa forme actuelle avec ses principales missions et la nomination d\u2019un directeur g\u00e9n\u00e9ral \u00e0 sa t\u00eate (Minist\u00e8re de la Culture, des arts et patrimoines, <em>s. d.<\/em>).  <\/p>\n<h2><a id=\"_fevofa2rm0io\">Information compl\u00e9mentaire\/particularit\u00e9s <\/a><\/h2>\n<p class=\"import-Normal\" style=\"text-align:justify;text-justify:inter-ideograph;\">La RDC b\u00e9n\u00e9ficie, \u00e0 l\u2019instar de pays africains, de plusieurs initiatives de cr\u00e9ation de biblioth\u00e8ques ou de projets de biblioth\u00e8ques mobiles par des coop\u00e9rations, des associations et des organismes sans but lucratif (Bobutaka Bateko, 2009). L\u2019objectif de ces initiatives est de rejoindre les lecteurs potentiels l\u00e0 o\u00f9 ils se trouvent afin de faciliter leur acc\u00e8s aux livres (Bongangi Bo-Louka, Kabeya Putudianga, Nkopo Bobiki, 2005). Ainsi, la coop\u00e9ration fran\u00e7aise instaure une biblioth\u00e8que ambulante pour la ville de Kinshasa et un \u00ab train biblio \u00bb pour la province du Katanga (Bobotaka Bateko, 2009). De plus, plusieurs projets de biblioth\u00e8ques sont d\u00e9velopp\u00e9s \u00e0 travers des centres culturels du pays (Bongangi Bo-Louka, Kabeya Putudianga, Nkopo Bobiki, 2005). De 2014 \u00e0 2017, Biblioth\u00e8ques sans Fronti\u00e8res d\u00e9ploie plusieurs \u00ab Ideas Cube \u00bb dans des camps de r\u00e9fugi\u00e9s, dont ceux de Kavumu et de Musasa au Burundi, pour rejoindre, notamment, les r\u00e9fugi\u00e9s congolais fuyant la RDC. Ce programme comprend des outils et des ressources, tel qu\u2019un cours \u00e9ducatif, permettant aux r\u00e9fugi\u00e9s de poursuivre leur apprentissage dans leur pays d\u2019accueil (Libraries Without Borders, 2018). En 2018, la Caravane du livre et de la lecture organise des animations hors les murs dans cinq pays d\u2019Afrique, dont la RDC (AILF, s. d.). Enfin, en 2022, l\u2019Association des jeunes \u00e9crivains du Congo (AJEC) lance une biblioth\u00e8que carc\u00e9rale pour enfants \u00e0 la Prison centrale de Makala \u00e0 Kinshasa visant \u00e0 humaniser et am\u00e9liorer la vie des prisonniers (Tshijuka, 2022).  <\/p>\n<p class=\"import-Normal\">\n<h2><a id=\"_ivavqyo7xaxo\">Bibliographie<\/a><\/h2>\n<p class=\"import-Normal\" style=\"margin-left: 28.3464566929134pt; text-indent:28.5pt;\">Alcandre, J.-J. (2016). La Conf\u00e9rence de Berlin 15 novembre 1884 &#8211; 26 f\u00e9vrier <\/p>\n<p class=\"import-Normal\" style=\"margin-left: 0pt; text-indent:0pt;\">1885. <em>Allemagne d&rsquo;aujourd&rsquo;hui, <\/em>(217), 90-97.<a class=\"rId728\" href=\"https:\/\/doi.org\/10.3917\/all.217.0090\"> <\/a><a class=\"rId729\" href=\"https:\/\/doi.org\/10.3917\/all.217.0090\">https:\/\/doi.org\/10.3917\/all.217.0090<\/a>  <\/p>\n<p class=\"import-Normal\" style=\"margin-left: 0pt; text-indent:0pt;\">Association Internationale de Bibliologie (AIB). (s. d.).<a class=\"rId730\" href=\"https:\/\/www.aib.ulb.be\/aib.html\"> <\/a><a class=\"rId731\" href=\"https:\/\/www.aib.ulb.be\/aib.html\">https:\/\/www.aib.ulb.be\/aib.html<\/a> <\/p>\n<p class=\"import-Normal\" style=\"margin-left: 0pt; text-indent:0pt;\">Association Internationale des Libraires Francophones (AILF). (s. d.). <em>La caravane du livre et de la lecture reprend sa route!.<\/em> <a class=\"rId732\" href=\"https:\/\/www.librairesfrancophones.org\/nos-actions\/caravane-du-livre-et-de-la-lecture\/item\/739-la-caravane-du-livre-et-de-la-lecture-reprend-sa-route.html\">https:\/\/www.librairesfrancophones.org\/nos-actions\/caravane-du-livre-et-de-la-lecture\/item\/739-la-caravane-du-livre-et-de-la-lecture-reprend-sa-route.html<\/a> <\/p>\n<p class=\"import-Normal\" style=\"margin-left: 0pt; text-indent:0pt;\">Bateko, D. (2017, 12 d\u00e9cembre). ABADOM s\u2019organise. <em>Documentation et archives<\/em>.<a class=\"rId733\" href=\"http:\/\/archivistebateko.canalblog.com\/archives\/2017\/12\/12\/35951083.html\"> <\/a><a class=\"rId734\" href=\"http:\/\/archivistebateko.canalblog.com\/archives\/2017\/12\/12\/35951083.html\">http:\/\/archivistebateko.canalblog.com\/archives\/2017\/12\/12\/35951083.html<\/a>  <\/p>\n<p class=\"import-Normal\" style=\"margin-left: 0pt; text-indent:0pt;\">Biblionef. (s. d.). <em>Gouvernance<\/em>.<a class=\"rId735\" href=\"https:\/\/biblionef.fr\/biblionef\/gouvernance\/\"> <\/a><a class=\"rId736\" href=\"https:\/\/biblionef.fr\/biblionef\/gouvernance\/\">https:\/\/biblionef.fr\/biblionef\/gouvernance\/<\/a> <\/p>\n<p class=\"import-Normal\" style=\"margin-left: 0pt; text-indent:0pt;\">Bobutaka Bateko, B. (2009). <em>\u00c9crit, information et communication en RDC : essai de Bibliologie<\/em>. Harmattan-RDC. <\/p>\n<p class=\"import-Normal\" style=\"margin-left: 0pt; text-indent:0pt;\">Bobutaka Bateko, B. (2015). <em>Archivistique, biblioth\u00e9conomie, documentation et l\u00e9gistique : des disciplines de la bibliologie<\/em>. L\u2019Harmattan. <a class=\"rId737\" href=\"http:\/\/www.harmatheque.com\/ebook\/9782343057392\">http:\/\/www.harmatheque.com\/ebook\/9782343057392<\/a> <\/p>\n<p class=\"import-Normal\" style=\"margin-left: 0pt; text-indent:0pt;\">Bongangi Bo-Louka, J. C., Kabeya Putudianga, F., Nkopo Bobiki, A. (2005, 24-28 mai). Lecture pour tous (1987-1990) : Exp\u00e9rience congolaise de lecture publique. Dans C. Cassiau-Haurie et J. Hellemans (resp.), <em>Les Biblioth\u00e8ques congolaises : \u00e9tat des lieux <\/em>[conf\u00e9rence]. 3<sup>e<\/sup> conf\u00e9rence nationale des Biblioth\u00e8ques et Centres de documentation de la RDC, Kinshasa, RDC.  <a class=\"rId738\" href=\"https:\/\/www.aib.ulb.be\/colloques\/2005-abadom\/fulltext\/02.pdf\">https:\/\/www.aib.ulb.be\/colloques\/2005-abadom\/fulltext\/02.pdf<\/a> <\/p>\n<p class=\"import-Normal\" style=\"margin-left: 0pt; text-indent:0pt;\">Cassiau-Haurie, C. (2003-2004). L&rsquo;\u00c9tat contre le livre, le cas du Congo d\u00e9mocratique. <em>Africultures<\/em>, (57), 45-56.<a class=\"rId739\" href=\"https:\/\/doi.org\/10.3917\/afcul.057.0045\"> <\/a><a class=\"rId740\" href=\"https:\/\/doi.org\/10.3917\/afcul.057.0045\">https:\/\/doi.org\/10.3917\/afcul.057.0045<\/a>  <\/p>\n<p class=\"import-Normal\" style=\"margin-left: 0pt; text-indent:0pt;\">Cassiau-Haurie, C. (2004, 27 novembre au 3 d\u00e9cembre). Les Biblioth\u00e8ques publiques du Congo belge \u00e0 la veille de l\u2019ind\u00e9pendance : la grande illusion. Dans J. Hellemans (resp.), <em>Bibliothe\u0300ques, livre, e\u0301crit et technologies de l&rsquo;information et de la communication en Re\u0301publique D\u00e9mocratique du Congo : de\u0301fis et perspectives <\/em>[conf\u00e9rence]. 18e colloque international de bibliologie (AIB), Kinshasa, RDC.<a class=\"rId741\" href=\"https:\/\/www.aib.ulb.be\/colloques\/2004-kinshasa\/fulltext\/09.pdf\"> <\/a><a class=\"rId742\" href=\"https:\/\/www.aib.ulb.be\/colloques\/2004-kinshasa\/fulltext\/09.pdf\">https:\/\/www.aib.ulb.be\/colloques\/2004-kinshasa\/fulltext\/09.pdf<\/a> <\/p>\n<p class=\"import-Normal\" style=\"margin-left: 0pt; text-indent:0pt;\">Centre Wallonie-Bruxelles International. (s. d.). <em>Biblioth\u00e8que Wallonie Bruxelles.<\/em><a class=\"rId743\" href=\"http:\/\/www.wallonie-bruxelles-rdc.org\/fr\/pages\/bibliotheque-wallonie-bruxelles-cd\"> <\/a><a class=\"rId744\" href=\"http:\/\/www.wallonie-bruxelles-rdc.org\/fr\/pages\/bibliotheque-wallonie-bruxelles-cd\">http:\/\/www.wallonie-bruxelles-rdc.org\/fr\/pages\/bibliotheque-wallonie-bruxelles-cd<\/a> <\/p>\n<p class=\"import-Normal\" style=\"margin-left: 0pt; text-indent:0pt;\">COBIAC. (s. d.). <em>Appui au r\u00e9seau de lecture publique de Kinshasa en RDC<\/em>.<a class=\"rId745\" href=\"https:\/\/cobiac.org\/projet\/appui-au-reseau-de-lecture-publique-de-kinshasa\/\"> <\/a><a class=\"rId746\" href=\"https:\/\/cobiac.org\/projet\/appui-au-reseau-de-lecture-publique-de-kinshasa\/\">https:\/\/cobiac.org\/projet\/appui-au-reseau-de-lecture-publique-de-kinshasa\/<\/a> <\/p>\n<p class=\"import-Normal\" style=\"margin-left: 0pt; text-indent:0pt;\">Congo, Democratic Republic of the. (s. d.). Dans <em>Central Intelligence Agency.<\/em><a class=\"rId747\" href=\"https:\/\/www.cia.gov\/the-world-factbook\/countries\/congo-democratic-republic-of-the\/\"> <\/a><a class=\"rId748\" href=\"https:\/\/www.cia.gov\/the-world-factbook\/countries\/congo-democratic-republic-of-the\/\">https:\/\/www.cia.gov\/the-world-factbook\/countries\/congo-democratic-republic-of-the\/<\/a> <\/p>\n<p class=\"import-Normal\">Democratic Republic of the Congo. (s. d.). Dans <em>Encyclopedia Britannica en ligne<\/em>.<a class=\"rId749\" href=\"https:\/\/www.britannica.com\/place\/Democratic-Republic-of-the-Congo\/Mobutus-regime\"> <\/a><a class=\"rId750\" href=\"https:\/\/www.britannica.com\/place\/Democratic-Republic-of-the-Congo\/Mobutus-regime\">https:\/\/www.britannica.com\/place\/Democratic-Republic-of-the-Congo\/Mobutus-regime<\/a> <\/p>\n<p class=\"import-Normal\" style=\"margin-left: 0pt; text-indent:0pt;\">Dimweka Kinkela, E. et Masens Mukis, J. (2005, 24-28 mai). La Formation en biblioth\u00e9conomie en R\u00e9publique D\u00e9mocratique du Congo. Dans C. Cassiau-Haurie et J. Hellemans (resp.), <em>Les Biblioth\u00e8ques congolaises : \u00e9tat des lieux <\/em>[conf\u00e9rence]. 3<sup>e<\/sup> conf\u00e9rence nationale des Biblioth\u00e8ques et Centres de documentation de la RDC, Kinshasa, RDC.<a class=\"rId751\" href=\"https:\/\/www.aib.ulb.be\/colloques\/2005-abadom\/fulltext\/19.pdf\"> <\/a><a class=\"rId752\" href=\"https:\/\/www.aib.ulb.be\/colloques\/2005-abadom\/fulltext\/19.pdf\">https:\/\/www.aib.ulb.be\/colloques\/2005-abadom\/fulltext\/19.pdf<\/a> <\/p>\n<p class=\"import-Normal\" style=\"margin-left: 0pt; text-indent:0pt;\">Dione, B. (2015, 30 mai au 3 juin). <em>La formation des biblioth\u00e9caires en Afrique francophone subsaharienne : Aujourd\u2019hui et demain <\/em>[conf\u00e9rence]. 1<sup>re<\/sup> conf\u00e9rence de AfLIA &amp; 3<sup>e<\/sup> sommet des biblioth\u00e8ques africaines, Accra, Ghana.<a class=\"rId753\" href=\"https:\/\/www.researchgate.net\/publication\/282945827_La_formation_des_bibliothecaires_en_Afrique_francophone_subsaharienne_Aujourd%27hui_et_demain\"> <\/a><a class=\"rId754\" href=\"https:\/\/www.researchgate.net\/publication\/282945827_La_formation_des_bibliothecaires_en_Afrique_francophone_subsaharienne_Aujourd%27hui_et_demain\">https:\/\/www.researchgate.net\/publication\/282945827_La_formation_des_bibliothecaires_en_Afrique_francophone_subsaharienne_Aujourd%27hui_et_demain<\/a>   <\/p>\n<p class=\"import-Normal\" style=\"margin-left: 0pt; text-indent:0pt;\">Droit congolais. (s. d.). <em>Formation &#8211; Culture. <\/em><a class=\"rId755\" href=\"https:\/\/droitcongolais.info\/5.-formation-culture-.html\">https:\/\/droitcongolais.info\/5.-formation-culture-.html<\/a> <\/p>\n<p class=\"import-Normal\" style=\"margin-left: 0pt; text-indent:0pt;\">Efole, J. (2014). <em>La paix en R\u00e9publique D\u00e9mocratique du Congo (RDC) ? Comprendre l\u2019avanc\u00e9e sinueuse de la RDC vers la paix <\/em>(publication n\u00b03938573) [m\u00e9moire de ma\u00eetrise, \u00c9cole Sup\u00e9rieure d\u2019Affaires publiques et internationales Universit\u00e9 d\u2019Ottawa]. Recherche uO.  <\/p>\n<p class=\"import-Normal\" style=\"margin-left: 0pt; text-indent:0pt;\"><a class=\"rId756\" href=\"https:\/\/ruor.uottawa.ca\/bitstream\/10393\/31475\/1\/EFOLE%2C%20Jessica%2020145.pdf\">https:\/\/ruor.uottawa.ca\/bitstream\/10393\/31475\/1\/EFOLE%2C%20Jessica%2020145.pdf<\/a> <\/p>\n<p class=\"import-Normal\" style=\"margin-left: 0pt; text-indent:0pt;\">F\u00e9d\u00e9ration des entreprises du Congo. (s. d.). Paiement des redevances sur les droits d\u2019auteur et droits voisins dues \u00e0 la SOCODA.<a class=\"rId757\" href=\"https:\/\/www.fec-rdc.com\/index.php\/actualites\/25-actualite2\/377-paiement-des-redevances-sur-les-droits-d-auteur-et-droits-voisins-dues-a-la-socoda-premiere-reunion-de-l-annee-2021-de-la-commission-mixte-paritaire-fec-socoda\"> <\/a><a class=\"rId758\" href=\"https:\/\/www.fec-rdc.com\/index.php\/actualites\/25-actualite2\/377-paiement-des-redevances-sur-les-droits-d-auteur-et-droits-voisins-dues-a-la-socoda-premiere-reunion-de-l-annee-2021-de-la-commission-mixte-paritaire-fec-socoda\">https:\/\/www.fec-rdc.com\/index.php\/actualites\/25-actualite2\/377-paiement-des-redevances-sur-les-droits-d-auteur-et-droits-voisins-dues-a-la-socoda-premiere-reunion-de-l-annee-2021-de-la-commission-mixte-paritaire-fec-socoda<\/a> <\/p>\n<p class=\"import-Normal\" style=\"margin-left: 0pt; text-indent:0pt;\">Fournier, C. (1997). <em>Les biblioth\u00e8ques nationales de la Francophonie : r\u00e9pertoire des biblioth\u00e8ques nationales des \u00c9tats et gouvernements membres des Sommets francophones<\/em>.<a class=\"rId759\" href=\"https:\/\/numerique.banq.qc.ca\/patrimoine\/details\/52327\/39848?docpos=246\"> <\/a><a class=\"rId760\" href=\"https:\/\/numerique.banq.qc.ca\/patrimoine\/details\/52327\/39848?docpos=246\">https:\/\/numerique.banq.qc.ca\/patrimoine\/details\/52327\/39848?docpos=246<\/a> <\/p>\n<p class=\"import-Normal\" style=\"margin-left: 0pt; text-indent:0pt;\">IFLA. (2007). <em>IFLA\/FAIFE World Report 2007: Congo (DRC).<\/em><a class=\"rId761\" href=\"https:\/\/cdn.ifla.org\/wp-content\/uploads\/2019\/05\/assets\/faife\/publications\/ifla-world-report\/38_ifla-faife_2007_cr_-_congo_drc.pdf\"> <\/a><a class=\"rId762\" href=\"https:\/\/cdn.ifla.org\/wp-content\/uploads\/2019\/05\/assets\/faife\/publications\/ifla-world-report\/38_ifla-faife_2007_cr_-_congo_drc.pdf\">https:\/\/cdn.ifla.org\/wp-content\/uploads\/2019\/05\/assets\/faife\/publications\/ifla-world-report\/38_ifla-faife_2007_cr_-_congo_drc.pdf<\/a> <\/p>\n<p class=\"import-Normal\">Institut fran\u00e7ais RD Congo-Kinshasa (s. d.).<em> M\u00e9diath\u00e8que<\/em><a class=\"rId763\" href=\"https:\/\/www.institutfrancais-kinshasa.org\/index.php?\/fre\/Mediatheque\/Presentation\"> <\/a><a class=\"rId764\" href=\"https:\/\/www.institutfrancais-kinshasa.org\/index.php?\/fre\/Mediatheque\/Presentation\">https:\/\/www.institutfrancais-kinshasa.org\/index.php?\/fre\/Mediatheque\/Presentation<\/a> <\/p>\n<p class=\"import-Normal\" style=\"margin-left: 0pt; text-indent:0pt;\">Kalumba, J. (2005). La biblioth\u00e8que nationale du Congo au Katanga et la biblioth\u00e8que du Mus\u00e9e national de Lubumbashi. Dans Hellemans, J. et Cassiau-Haurie, C. <em>Les biblioth\u00e8ques congolaises : \u00e9tat des lieux<\/em> (p. 107-117). L\u2019Harmattan.  <\/p>\n<p class=\"import-Normal\" style=\"margin-left: 0pt; text-indent:0pt;\">Kinshasa. (2022, 13 d\u00e9cembre). Dans <em>Wikip\u00e9dia.<\/em><a class=\"rId765\" href=\"https:\/\/fr.wikipedia.org\/wiki\/Kinshasa\"> <\/a><a class=\"rId766\" href=\"https:\/\/fr.wikipedia.org\/wiki\/Kinshasa\">https:\/\/fr.wikipedia.org\/wiki\/Kinshasa<\/a> <\/p>\n<p class=\"import-Normal\" style=\"margin-left: 0pt; text-indent:0pt;\">Kitambala Dwan\u2019Essa, H. (2004, 27 novembre au 3 d\u00e9cembre). Les Biblioth\u00e8ques universitaires de la R\u00e9publique D\u00e9mocratique du Congo et le d\u00e9fi des nouvelles technologies de l\u2019information. Dans J. Hellemans (resp.), <em>Bibliothe\u0300ques, livre, e\u0301crit et technologies de l&rsquo;information et de la communication en Re\u0301publique D\u00e9mocratique du Congo : de\u0301fis et perspectives <\/em>[conf\u00e9rence]. 18e colloque international de bibliologie (AIB), Kinshasa, RDC.<a class=\"rId767\" href=\"https:\/\/www.aib.ulb.be\/colloques\/2004-kinshasa\/fulltext\/25.pdf\"> <\/a><a class=\"rId768\" href=\"https:\/\/www.aib.ulb.be\/colloques\/2004-kinshasa\/fulltext\/25.pdf\">https:\/\/www.aib.ulb.be\/colloques\/2004-kinshasa\/fulltext\/25.pdf<\/a> <\/p>\n<p class=\"import-Normal\" style=\"margin-left: 0pt; text-indent:0pt;\">Libraries Without Borders. (2018, 22 janvier). <em>Bringing college-level class to congolese refugees through coursera<\/em>.<a class=\"rId769\" href=\"https:\/\/www.librarieswithoutborders.org\/2018\/01\/22\/coursera\/\"> <\/a><a class=\"rId770\" href=\"https:\/\/www.librarieswithoutborders.org\/2018\/01\/22\/coursera\/\">https:\/\/www.librarieswithoutborders.org\/2018\/01\/22\/coursera\/<\/a> <\/p>\n<p class=\"import-Normal\" style=\"margin-left: 0pt; text-indent:0pt;\">Ligodi, P. (2018, 27 novembre). RDC : la Biblioth\u00e8que nationale du Congo veut num\u00e9riser son contenu. <em>RFI Afrique<\/em>.<a class=\"rId771\" href=\"https:\/\/www.rfi.fr\/fr\/emission\/20181128-rdc-bibliotheque-nationale-congo-numerisation-rdc-bnc-livre\"> <\/a><a class=\"rId772\" href=\"https:\/\/www.rfi.fr\/fr\/emission\/20181128-rdc-bibliotheque-nationale-congo-numerisation-rdc-bnc-livre\">https:\/\/www.rfi.fr\/fr\/emission\/20181128-rdc-bibliotheque-nationale-congo-numerisation-rdc-bnc-livre<\/a>  <\/p>\n<p class=\"import-Normal\" style=\"margin-left: 0pt; text-indent:0pt;\">Loi 74-003 relative au d\u00e9p\u00f4t obligatoire des publications. (1974, 2 janvier). <em>Leganet<\/em>.<a class=\"rId773\" href=\"https:\/\/www.leganet.cd\/Legislation\/Droit%20civil\/Dintellectuels\/Loi.74.003.02.01.1974.htm\"> <\/a><a class=\"rId774\" href=\"https:\/\/www.leganet.cd\/Legislation\/Droit%20civil\/Dintellectuels\/Loi.74.003.02.01.1974.htm\">https:\/\/www.leganet.cd\/Legislation\/Droit%20civil\/Dintellectuels\/Loi.74.003.02.01.1974.htm<\/a> <\/p>\n<p class=\"import-Normal\" style=\"margin-left: 0pt; text-indent:0pt;\">Manuana Nseka, J.-P. (2007, 17-21 d\u00e9cembre). Pour un \u00e9tat des lieux : d\u00e9fis et enjeux des biblioth\u00e8ques en R\u00e9publique d\u00e9mocratique du Congo. Dans <em>La Gestion scientifique de l&rsquo;information \u00e9crite par les Biblioth\u00e8ques francophones africaines <\/em>[colloque]. 20e colloque international de bibliologie, science de la communication \u00e9crite, Brazzaville, RDC.<a class=\"rId775\" href=\"https:\/\/www.aib.ulb.be\/colloques\/2007-brazzaville\/fulltext\/2007_20_manuana.pdf\"> <\/a><a class=\"rId776\" href=\"https:\/\/www.aib.ulb.be\/colloques\/2007-brazzaville\/fulltext\/2007_20_manuana.pdf\">https:\/\/www.aib.ulb.be\/colloques\/2007-brazzaville\/fulltext\/2007_20_manuana.pdf<\/a> <\/p>\n<p class=\"import-Normal\" style=\"margin-left: 0pt; text-indent:0pt;\">Mashako Mamba, L., Mwenbie Bangata-Mbata, H., Tengeneza Baguma, D. D., (2016, 5 octobre). Le deuxi\u00e8me num\u00e9ro des \u00ab Pistes du Savoir\u00bb de l\u2019Association des Biblioth\u00e9caires, Archivistes, Documentalistes et Mus\u00e9ologues de la RDC \u00ab ABADOM \u00bb est l\u00e0. <em>Pistes du savoir<\/em>.<a class=\"rId777\" href=\"https:\/\/facmed-unikin.net\/news\/deuxieme-numero-pistes-savoir-de-lassociation-bibliothecaires-archivistes-documentalistes-museologues-de-rdc-abadom\/\"> <\/a><a class=\"rId778\" href=\"https:\/\/facmed-unikin.net\/news\/deuxieme-numero-pistes-savoir-de-lassociation-bibliothecaires-archivistes-documentalistes-museologues-de-rdc-abadom\/\">https:\/\/facmed-unikin.net\/news\/deuxieme-numero-pistes-savoir-de-lassociation-bibliothecaires-archivistes-documentalistes-museologues-de-rdc-abadom\/<\/a> <\/p>\n<p class=\"import-Normal\" style=\"margin-left: 0pt; text-indent:0pt;\">Mikanda. (s. d.). \u00c0<em> propos<\/em>.<a class=\"rId779\" href=\"https:\/\/mikanda.info\/a-propos\/\"> <\/a><a class=\"rId780\" href=\"https:\/\/mikanda.info\/a-propos\/\">https:\/\/mikanda.info\/a-propos\/<\/a> <\/p>\n<p class=\"import-Normal\" style=\"margin-left: 0pt; text-indent:0pt;\">Minist\u00e8re de l\u2019Enseignement primaire, secondaire et initiation \u00e0 la nouvelle citoyennet\u00e9, Minist\u00e8re de l\u2019Enseignement technique et professionnel, Minist\u00e8re de l\u2019Enseignement sup\u00e9rieur et universitaire, minist\u00e8re des Affaires sociales, action humanitaire et solidarit\u00e9 nationale. (2015, d\u00e9cembre). <em>Strat\u00e9gie sectorielle de l\u2019\u00e9ducation et de la formation 2016-2025<\/em>.<a class=\"rId781\" href=\"https:\/\/assets.globalpartnership.org\/s3fs-public\/2016-03-rep-dem-congo-strategie-sectorielle-education-formation.pdf?VersionId=N.eDShH0Yi8u987tAqWK5MsLflIYpslv\"> <\/a><a class=\"rId782\" href=\"https:\/\/assets.globalpartnership.org\/s3fs-public\/2016-03-rep-dem-congo-strategie-sectorielle-education-formation.pdf?VersionId=N.eDShH0Yi8u987tAqWK5MsLflIYpslv\">https:\/\/assets.globalpartnership.org\/s3fs-public\/2016-03-rep-dem-congo-strategie-sectorielle-education-formation.pdf?VersionId=N.eDShH0Yi8u987tAqWK5MsLflIYpslv<\/a> <\/p>\n<p class=\"import-Normal\" style=\"margin-left: 0pt; text-indent:0pt;\">Minist\u00e8re de l\u2019Enseignement primaire, secondaire et professionnel, UNESCO \u2013 IIPE, UNICEF. (2014). <em>Rapport d\u2019\u00c9tat du syst\u00e8me \u00e9ducatif national : pour une \u00e9ducation au service de la croissance et de la paix<\/em>.<a class=\"rId783\" href=\"https:\/\/www.unicef.org\/drcongo\/media\/1121\/file\/COD-rapport-RESEN.pdf\"> <\/a><a class=\"rId784\" href=\"https:\/\/www.unicef.org\/drcongo\/media\/1121\/file\/COD-rapport-RESEN.pdf\">https:\/\/www.unicef.org\/drcongo\/media\/1121\/file\/COD-rapport-RESEN.pdf<\/a> <\/p>\n<p class=\"import-Normal\" style=\"margin-left: 0pt; text-indent:0pt;\">Minist\u00e8re de la Culture, des arts et patrimoines. (s. d.).<em> La biblioth\u00e8que nationale du Congo.<\/em><a class=\"rId785\" href=\"https:\/\/culture.gouv.cd\/index.php\/departments\/la-bibliotheque-nationale-du-congo-2\/\"> <\/a><a class=\"rId786\" href=\"https:\/\/culture.gouv.cd\/index.php\/departments\/la-bibliotheque-nationale-du-congo-2\/\">https:\/\/culture.gouv.cd\/index.php\/departments\/la-bibliotheque-nationale-du-congo-2\/<\/a>  <\/p>\n<p class=\"import-Normal\" style=\"margin-left: 0pt; text-indent:0pt;\">Mission de l&rsquo;Organisation des Nations Unies en R\u00e9publique d\u00e9mocratique du Congo. (2009, 23 avril). <em>Biblioth\u00e8que nationale : la MONUC contribue \u00e0 pr\u00e9server \u00ab la m\u00e9moire de la nation \u00bb.<\/em><a class=\"rId787\" href=\"https:\/\/monuc.unmissions.org\/biblioth%C3%A8que-nationale-la-monuc-contribue-%C3%A0-pr%C3%A9server-%C2%ABla-m%C3%A9moire-de-la-nation%C2%BB\"> <\/a><a class=\"rId788\" href=\"https:\/\/monuc.unmissions.org\/biblioth%C3%A8que-nationale-la-monuc-contribue-%C3%A0-pr%C3%A9server-%C2%ABla-m%C3%A9moire-de-la-nation%C2%BB\">https:\/\/monuc.unmissions.org\/biblioth%C3%A8que-nationale-la-monuc-contribue-%C3%A0-pr%C3%A9server-%C2%ABla-m%C3%A9moire-de-la-nation%C2%BB<\/a> <\/p>\n<p class=\"import-Normal\" style=\"margin-left: 0pt; text-indent:0pt;\">Mwenzi, J. E. (2020). Le syst\u00e8me \u00e9ducatif de la R\u00e9publique d\u00e9mocratique du Congo et ses principaux d\u00e9fis. <em>Revue internationale d&rsquo;\u00e9ducation de S\u00e8vres<\/em>, (85), 23-29.<a class=\"rId789\" href=\"https:\/\/doi.org\/10.4000\/ries.9985\"> <\/a><a class=\"rId790\" href=\"https:\/\/doi.org\/10.4000\/ries.9985\">https:\/\/doi.org\/10.4000\/ries.9985<\/a> <\/p>\n<p class=\"import-Normal\" style=\"margin-left: 0pt; text-indent:0pt;\">Ordonnance 89-010 portant sur la cr\u00e9ation de la Biblioth\u00e8que nationale du Za\u00efre, en abr\u00e9g\u00e9 \u00ab B.N.Z.\u00bb. (1989, 18 janvier). <em>Leganet<\/em>.<a class=\"rId791\" href=\"http:\/\/www.leganet.cd\/Legislation\/Droit%20administratif\/Culture\/O.89.10.18.01.89.htm\"> <\/a><a class=\"rId792\" href=\"http:\/\/www.leganet.cd\/Legislation\/Droit%20administratif\/Culture\/O.89.10.18.01.89.htm\">http:\/\/www.leganet.cd\/Legislation\/Droit%20administratif\/Culture\/O.89.10.18.01.89.htm<\/a> <\/p>\n<p class=\"import-Normal\" style=\"margin-left: 0pt; text-indent:0pt;\">Ordonnance-Loi 86-033 portant sur la protection des droits d\u2019auteurs et des droits voisins. (1986, 5 avril). <em>Leganet<\/em>.<a class=\"rId793\" href=\"https:\/\/www.leganet.cd\/Legislation\/Droit%20civil\/Dintellectuels\/OL.86.033.05.04.1986.htm\"> <\/a><a class=\"rId794\" href=\"https:\/\/www.leganet.cd\/Legislation\/Droit%20civil\/Dintellectuels\/OL.86.033.05.04.1986.htm\">https:\/\/www.leganet.cd\/Legislation\/Droit%20civil\/Dintellectuels\/OL.86.033.05.04.1986.htm<\/a> <\/p>\n<p class=\"import-Normal\">Oury, A. (2015, 03 juin). Les biblioth\u00e8ques acad\u00e9miques du Congo ont leur consortium. <em>Actualitt\u00e9<\/em>. <a class=\"rId795\" href=\"https:\/\/actualitte.com\/article\/39440\/bibliotheque\/les-bibliotheques-academiques-du-congo-ont-leur-consortium\"><em>https:\/\/actualitte.com\/article\/39440\/bibliotheque\/les-bibliotheques-academiques-du-congo-ont-leur-consortium<\/em><\/a><em>).  <\/em> <\/p>\n<p class=\"import-Normal\" style=\"margin-left: 0pt; text-indent:0pt;\">Oziankom, P. W. B. (2022). Quelle m\u00e9diation pour les biblioth\u00e8ques en milieux universitaires congolais ? Une \u00e9valuation du soutien de la coop\u00e9ration belge aux biblioth\u00e8ques universitaires de la R\u00e9publique D\u00e9mocratique du Congo. <em>Cahiers Africains Des Droits de l\u2019Homme et de La D\u00e9mocratie Ainsi Que Du D\u00e9veloppement Durable<\/em>, <em>2<\/em>(75), 33-350.<a class=\"rId796\" href=\"https:\/\/www.cadhd-dr.org\/_files\/ugd\/bc3611_49c2157187884de2bba0c59c6bea1f10.pdf\"> <\/a><a class=\"rId797\" href=\"https:\/\/www.cadhd-dr.org\/_files\/ugd\/bc3611_49c2157187884de2bba0c59c6bea1f10.pdf\">https:\/\/www.cadhd-dr.org\/_files\/ugd\/bc3611_49c2157187884de2bba0c59c6bea1f10.pdf<\/a> <\/p>\n<p class=\"import-Normal\" style=\"margin-left: 0pt; text-indent:0pt;\">Perspective Monde. (s. d.). <em>Congo (rep. dem.) : chronologie depuis 1960.<\/em> Universit\u00e9 de Sherbrooke.<a class=\"rId798\" href=\"https:\/\/perspective.usherbrooke.ca\/bilan\/servlet\/BMHistoriquePays?codePays=COD&amp;langue=en\">https:\/\/perspective.usherbrooke.ca\/bilan\/servlet\/BMHistoriquePays?codePays=COD&amp;langue=en<\/a> <\/p>\n<p class=\"import-Normal\" style=\"margin-left: 0pt; text-indent:0pt;\">R\u00e9publique d\u00e9mocratique du Congo (RDC). (s. d.). Dans <em>Encyclop\u00e9die Larousse en ligne<\/em>.<a class=\"rId799\" href=\"https:\/\/www.larousse.fr\/encyclopedie\/pays\/R%C3%A9publique_d%C3%A9mocratique_du_Congo\/114374\"> <\/a><a class=\"rId800\" href=\"https:\/\/www.larousse.fr\/encyclopedie\/pays\/R%C3%A9publique_d%C3%A9mocratique_du_Congo\/114374\">https:\/\/www.larousse.fr\/encyclopedie\/pays\/R%C3%A9publique_d%C3%A9mocratique_du_Congo\/114374<\/a> <\/p>\n<p class=\"import-Normal\" style=\"margin-left: 0pt; text-indent:0pt;\">Sadiki, A. (2022, 27 octobre). RDC : le gouvernement met \u00e0 disposition des \u00e9tudiants une biblioth\u00e8que num\u00e9rique, <em>Le Journal Africa.<\/em><a class=\"rId801\" href=\"https:\/\/lejournal.africa\/rdc-le-gouvernement-met-a-la-disposition-des-etudiants-une-bibliotheque-numerique\/\"> <\/a><a class=\"rId802\" href=\"https:\/\/lejournal.africa\/rdc-le-gouvernement-met-a-la-disposition-des-etudiants-une-bibliotheque-numerique\/\">https:\/\/lejournal.africa\/rdc-le-gouvernement-met-a-la-disposition-des-etudiants-une-bibliotheque-numerique\/<\/a> <\/p>\n<p class=\"import-Normal\" style=\"margin-left: 0pt; text-indent:0pt;\">Tshijuka, G. (2022, 8 novembre). <em>RDC-Justice : Inauguration d\u2019une biblioth\u00e8que carc\u00e9rale pour enfants \u00e0 la Prison centrale de Makala<\/em>. Digitalcongo.cd.<a class=\"rId803\" href=\"https:\/\/www.digitalcongo.cd\/detail6005\"> <\/a><a class=\"rId804\" href=\"https:\/\/www.digitalcongo.cd\/detail6005\">https:\/\/www.digitalcongo.cd\/detail6005<\/a> <\/p>\n<p class=\"import-Normal\" style=\"margin-left: 0pt; text-indent:0pt;\">Universit\u00e9 de Kinshasa. (2022, 28 novembre). Dans <em>Wikip\u00e9dia.<\/em><a class=\"rId805\" href=\"https:\/\/fr.wikipedia.org\/wiki\/Universit%C3%A9_de_Kinshasa\"> <\/a><a class=\"rId806\" href=\"https:\/\/fr.wikipedia.org\/wiki\/Universit%C3%A9_de_Kinshasa\">https:\/\/fr.wikipedia.org\/wiki\/Universit%C3%A9_de_Kinshasa<\/a> <\/p>\n<p class=\"import-Normal\" style=\"margin-left: 0pt; text-indent:0pt;\">\n<\/div>\n","protected":false},"author":1,"menu_order":18,"template":"","meta":{"pb_show_title":"on","pb_short_title":"","pb_subtitle":"","pb_authors":[],"pb_section_license":""},"chapter-type":[],"contributor":[],"license":[],"class_list":["post-41","chapter","type-chapter","status-publish","hentry"],"part":3,"_links":{"self":[{"href":"https:\/\/rel.bib.umontreal.ca\/bibliotheques-a-l-international3\/wp-json\/pressbooks\/v2\/chapters\/41","targetHints":{"allow":["GET"]}}],"collection":[{"href":"https:\/\/rel.bib.umontreal.ca\/bibliotheques-a-l-international3\/wp-json\/pressbooks\/v2\/chapters"}],"about":[{"href":"https:\/\/rel.bib.umontreal.ca\/bibliotheques-a-l-international3\/wp-json\/wp\/v2\/types\/chapter"}],"author":[{"embeddable":true,"href":"https:\/\/rel.bib.umontreal.ca\/bibliotheques-a-l-international3\/wp-json\/wp\/v2\/users\/1"}],"version-history":[{"count":0,"href":"https:\/\/rel.bib.umontreal.ca\/bibliotheques-a-l-international3\/wp-json\/pressbooks\/v2\/chapters\/41\/revisions"}],"part":[{"href":"https:\/\/rel.bib.umontreal.ca\/bibliotheques-a-l-international3\/wp-json\/pressbooks\/v2\/parts\/3"}],"metadata":[{"href":"https:\/\/rel.bib.umontreal.ca\/bibliotheques-a-l-international3\/wp-json\/pressbooks\/v2\/chapters\/41\/metadata\/"}],"wp:attachment":[{"href":"https:\/\/rel.bib.umontreal.ca\/bibliotheques-a-l-international3\/wp-json\/wp\/v2\/media?parent=41"}],"wp:term":[{"taxonomy":"chapter-type","embeddable":true,"href":"https:\/\/rel.bib.umontreal.ca\/bibliotheques-a-l-international3\/wp-json\/pressbooks\/v2\/chapter-type?post=41"},{"taxonomy":"contributor","embeddable":true,"href":"https:\/\/rel.bib.umontreal.ca\/bibliotheques-a-l-international3\/wp-json\/wp\/v2\/contributor?post=41"},{"taxonomy":"license","embeddable":true,"href":"https:\/\/rel.bib.umontreal.ca\/bibliotheques-a-l-international3\/wp-json\/wp\/v2\/license?post=41"}],"curies":[{"name":"wp","href":"https:\/\/api.w.org\/{rel}","templated":true}]}}